{"id":1940,"date":"2022-01-04T10:16:20","date_gmt":"2022-01-04T09:16:20","guid":{"rendered":"https:\/\/la-montez.de\/?page_id=1940"},"modified":"2023-02-18T12:34:39","modified_gmt":"2023-02-18T11:34:39","slug":"2022-2","status":"publish","type":"page","link":"https:\/\/la-montez.de\/en\/2022-2\/","title":{"rendered":"2022"},"content":{"rendered":"<h3 style=\"text-align: center;\">September bis Dezember<\/h3>\n<h3><img decoding=\"async\" src=\"http:\/\/la-montez-papillons.de\/de\/wp-content\/uploads\/2017\/06\/line.png\" \/><\/h3>\n<p style=\"text-align: center;\"><strong><em>We wish you all a merry Christmas and a happy new year. See you next Year!!<\/em><\/strong><\/p>\n<p><img decoding=\"async\" src=\"http:\/\/la-montez-papillons.de\/de\/wp-content\/uploads\/2017\/06\/line.png\" \/><\/p>\n<p style=\"text-align: center;\">With a little luck we will have puppies in spring.<\/p>\n<p style=\"text-align: center;\">More informations you will find at our Puppy page.<\/p>\n<h3><img decoding=\"async\" class=\"aligncenter\" style=\"font-size: 16px;\" src=\"http:\/\/la-montez-papillons.de\/de\/wp-content\/uploads\/2017\/06\/line.png\" \/><\/h3>\n<p style=\"text-align: center;\">CaCib Karlsruhe was a nice experience especially because we met our special judge Mr. Heim.<\/p>\n<p style=\"text-align: center;\">Luana de La Montez finished her junior Champion and got best bitch.<\/p>\n<p style=\"text-align: center;\">Papirunners Va Va Voom won her class and got the res. CaCib.<\/p>\n<div id='gallery-1' class='gallery galleryid-1940 gallery-columns-1 gallery-size-full'><figure class='gallery-item'>\n\t\t\t<div class='gallery-icon portrait'>\n\t\t\t\t<a href='https:\/\/la-montez.de\/wp-content\/uploads\/2022\/12\/Karlsruhe2022.jpg' rel=\"lightbox[gallery-0]\"><img width=\"525\" height=\"700\" src=\"https:\/\/la-montez.de\/wp-content\/uploads\/2022\/12\/Karlsruhe2022.jpg\" class=\"attachment-full size-full\" alt=\"\" decoding=\"async\" loading=\"lazy\" srcset=\"https:\/\/la-montez.de\/wp-content\/uploads\/2022\/12\/Karlsruhe2022.jpg 525w, https:\/\/la-montez.de\/wp-content\/uploads\/2022\/12\/Karlsruhe2022-225x300.jpg 225w, https:\/\/la-montez.de\/wp-content\/uploads\/2022\/12\/Karlsruhe2022-9x12.jpg 9w\" sizes=\"(max-width: 525px) 100vw, 525px\" \/><\/a>\n\t\t\t<\/div><\/figure>\n\t\t<\/div>\n\n<h3><img decoding=\"async\" class=\"aligncenter\" style=\"font-size: 16px;\" src=\"http:\/\/la-montez-papillons.de\/de\/wp-content\/uploads\/2017\/06\/line.png\" \/><\/h3>\n<p style=\"text-align: center;\">New pics of Linos and his girl friend.<\/p>\n<div id='gallery-2' class='gallery galleryid-1940 gallery-columns-3 gallery-size-thumbnail'><figure class='gallery-item'>\n\t\t\t<div class='gallery-icon portrait'>\n\t\t\t\t<a href='https:\/\/la-montez.de\/wp-content\/uploads\/2022\/12\/Linos12Jahr.jpg' rel=\"lightbox[gallery-0]\"><img width=\"150\" height=\"150\" src=\"https:\/\/la-montez.de\/wp-content\/uploads\/2022\/12\/Linos12Jahr-150x150.jpg\" class=\"attachment-thumbnail size-thumbnail\" alt=\"\" decoding=\"async\" loading=\"lazy\" srcset=\"https:\/\/la-montez.de\/wp-content\/uploads\/2022\/12\/Linos12Jahr-150x150.jpg 150w, https:\/\/la-montez.de\/wp-content\/uploads\/2022\/12\/Linos12Jahr-11x12.jpg 11w\" sizes=\"(max-width: 150px) 100vw, 150px\" \/><\/a>\n\t\t\t<\/div><\/figure><figure class='gallery-item'>\n\t\t\t<div class='gallery-icon portrait'>\n\t\t\t\t<a href='https:\/\/la-montez.de\/wp-content\/uploads\/2022\/12\/Linos12Jahr2.jpg' rel=\"lightbox[gallery-0]\"><img width=\"150\" height=\"150\" src=\"https:\/\/la-montez.de\/wp-content\/uploads\/2022\/12\/Linos12Jahr2-150x150.jpg\" class=\"attachment-thumbnail size-thumbnail\" alt=\"\" decoding=\"async\" loading=\"lazy\" \/><\/a>\n\t\t\t<\/div><\/figure><figure class='gallery-item'>\n\t\t\t<div class='gallery-icon landscape'>\n\t\t\t\t<a href='https:\/\/la-montez.de\/wp-content\/uploads\/2022\/12\/Linos12Jahr1.jpg' rel=\"lightbox[gallery-0]\"><img width=\"150\" height=\"150\" src=\"https:\/\/la-montez.de\/wp-content\/uploads\/2022\/12\/Linos12Jahr1-150x150.jpg\" class=\"attachment-thumbnail size-thumbnail\" alt=\"\" decoding=\"async\" loading=\"lazy\" \/><\/a>\n\t\t\t<\/div><\/figure>\n\t\t<\/div>\n\n<p style=\"text-align: center;\"><img decoding=\"async\" class=\"aligncenter\" style=\"font-size: 16px;\" src=\"http:\/\/la-montez-papillons.de\/de\/wp-content\/uploads\/2017\/06\/line.png\" \/><\/p>\n<p style=\"text-align: center;\">The Halloween club show was a nice event.<\/p>\n<p style=\"text-align: center;\">Luana got V1 and SG2, Geenie both days V1 and Jazz both days V2.<\/p>\n<div id='gallery-3' class='gallery galleryid-1940 gallery-columns-1 gallery-size-full'><figure class='gallery-item'>\n\t\t\t<div class='gallery-icon landscape'>\n\t\t\t\t<a href='https:\/\/la-montez.de\/wp-content\/uploads\/2022\/12\/Halloweenshow.jpg' rel=\"lightbox[gallery-0]\"><img width=\"800\" height=\"671\" src=\"https:\/\/la-montez.de\/wp-content\/uploads\/2022\/12\/Halloweenshow.jpg\" class=\"attachment-full size-full\" alt=\"\" decoding=\"async\" loading=\"lazy\" srcset=\"https:\/\/la-montez.de\/wp-content\/uploads\/2022\/12\/Halloweenshow.jpg 800w, https:\/\/la-montez.de\/wp-content\/uploads\/2022\/12\/Halloweenshow-300x252.jpg 300w, https:\/\/la-montez.de\/wp-content\/uploads\/2022\/12\/Halloweenshow-768x644.jpg 768w, https:\/\/la-montez.de\/wp-content\/uploads\/2022\/12\/Halloweenshow-14x12.jpg 14w\" sizes=\"(max-width: 800px) 100vw, 800px\" \/><\/a>\n\t\t\t<\/div><\/figure>\n\t\t<\/div>\n\n<p>&nbsp;<\/p>\n<p><img decoding=\"async\" src=\"http:\/\/la-montez-papillons.de\/de\/wp-content\/uploads\/2017\/06\/line.png\" \/><\/p>\n<p style=\"text-align: center;\">Our Luana have now all heath results and got her breeding license.<\/p>\n<p style=\"text-align: center;\">I\u00b4m very happy to plan the La Montez future with her.<\/p>\n<div id='gallery-4' class='gallery galleryid-1940 gallery-columns-1 gallery-size-full'><figure class='gallery-item'>\n\t\t\t<div class='gallery-icon landscape'>\n\t\t\t\t<a href='https:\/\/la-montez.de\/wp-content\/uploads\/2022\/08\/Luana10Monate.1.jpg' rel=\"lightbox[gallery-0]\"><img width=\"800\" height=\"595\" src=\"https:\/\/la-montez.de\/wp-content\/uploads\/2022\/08\/Luana10Monate.1.jpg\" class=\"attachment-full size-full\" alt=\"\" decoding=\"async\" loading=\"lazy\" srcset=\"https:\/\/la-montez.de\/wp-content\/uploads\/2022\/08\/Luana10Monate.1.jpg 800w, https:\/\/la-montez.de\/wp-content\/uploads\/2022\/08\/Luana10Monate.1-300x223.jpg 300w, https:\/\/la-montez.de\/wp-content\/uploads\/2022\/08\/Luana10Monate.1-768x571.jpg 768w, https:\/\/la-montez.de\/wp-content\/uploads\/2022\/08\/Luana10Monate.1-16x12.jpg 16w\" sizes=\"(max-width: 800px) 100vw, 800px\" \/><\/a>\n\t\t\t<\/div><\/figure>\n\t\t<\/div>\n\n<p><img decoding=\"async\" src=\"http:\/\/la-montez-papillons.de\/de\/wp-content\/uploads\/2017\/06\/line.png\" \/><\/p>\n<p>&nbsp;<\/p>\n<p style=\"text-align: center;\">In September I\u00b4m happy to anounce our new member, she is the hope for the La Montez kennel.<\/p>\n<p style=\"text-align: center;\">Papirunner Va Va Voom aka Geenie will come to us.<\/p>\n<p style=\"text-align: center;\">Thank you very much Julia Vogler for your friendship, trust and help!!<\/p>\n<div id='gallery-5' class='gallery galleryid-1940 gallery-columns-1 gallery-size-full'><figure class='gallery-item'>\n\t\t\t<div class='gallery-icon portrait'>\n\t\t\t\t<a href='https:\/\/la-montez.de\/wp-content\/uploads\/2022\/08\/Geenie-17.jpg' rel=\"lightbox[gallery-0]\"><img width=\"650\" height=\"700\" src=\"https:\/\/la-montez.de\/wp-content\/uploads\/2022\/08\/Geenie-17.jpg\" class=\"attachment-full size-full\" alt=\"\" decoding=\"async\" loading=\"lazy\" srcset=\"https:\/\/la-montez.de\/wp-content\/uploads\/2022\/08\/Geenie-17.jpg 650w, https:\/\/la-montez.de\/wp-content\/uploads\/2022\/08\/Geenie-17-279x300.jpg 279w, https:\/\/la-montez.de\/wp-content\/uploads\/2022\/08\/Geenie-17-11x12.jpg 11w\" sizes=\"(max-width: 650px) 100vw, 650px\" \/><\/a>\n\t\t\t<\/div><\/figure>\n\t\t<\/div>\n\n<h3><img decoding=\"async\" class=\"aligncenter\" style=\"font-size: 16px;\" src=\"http:\/\/la-montez-papillons.de\/de\/wp-content\/uploads\/2017\/06\/line.png\" \/><\/h3>\n<p style=\"text-align: center;\">We got pics from our sweet Lazzaro aka Gismo. He is a big boy now.<\/p>\n<div id='gallery-6' class='gallery galleryid-1940 gallery-columns-2 gallery-size-full'><figure class='gallery-item'>\n\t\t\t<div class='gallery-icon landscape'>\n\t\t\t\t<a href='https:\/\/la-montez.de\/wp-content\/uploads\/2022\/09\/Lazzaro10Monate.1..jpg' rel=\"lightbox[gallery-0]\"><img width=\"800\" height=\"600\" src=\"https:\/\/la-montez.de\/wp-content\/uploads\/2022\/09\/Lazzaro10Monate.1..jpg\" class=\"attachment-full size-full\" alt=\"\" decoding=\"async\" loading=\"lazy\" srcset=\"https:\/\/la-montez.de\/wp-content\/uploads\/2022\/09\/Lazzaro10Monate.1..jpg 800w, https:\/\/la-montez.de\/wp-content\/uploads\/2022\/09\/Lazzaro10Monate.1.-300x225.jpg 300w, https:\/\/la-montez.de\/wp-content\/uploads\/2022\/09\/Lazzaro10Monate.1.-768x576.jpg 768w, https:\/\/la-montez.de\/wp-content\/uploads\/2022\/09\/Lazzaro10Monate.1.-16x12.jpg 16w\" sizes=\"(max-width: 800px) 100vw, 800px\" \/><\/a>\n\t\t\t<\/div><\/figure><figure class='gallery-item'>\n\t\t\t<div class='gallery-icon landscape'>\n\t\t\t\t<a href='https:\/\/la-montez.de\/wp-content\/uploads\/2022\/09\/Lazzaro10Monate.2.-e1662449817249.jpg' rel=\"lightbox[gallery-0]\"><img width=\"800\" height=\"601\" src=\"https:\/\/la-montez.de\/wp-content\/uploads\/2022\/09\/Lazzaro10Monate.2.-e1662449817249.jpg\" class=\"attachment-full size-full\" alt=\"\" decoding=\"async\" loading=\"lazy\" srcset=\"https:\/\/la-montez.de\/wp-content\/uploads\/2022\/09\/Lazzaro10Monate.2.-e1662449817249.jpg 800w, https:\/\/la-montez.de\/wp-content\/uploads\/2022\/09\/Lazzaro10Monate.2.-e1662449817249-300x225.jpg 300w, https:\/\/la-montez.de\/wp-content\/uploads\/2022\/09\/Lazzaro10Monate.2.-e1662449817249-768x577.jpg 768w, https:\/\/la-montez.de\/wp-content\/uploads\/2022\/09\/Lazzaro10Monate.2.-e1662449817249-16x12.jpg 16w\" sizes=\"(max-width: 800px) 100vw, 800px\" \/><\/a>\n\t\t\t<\/div><\/figure><figure class='gallery-item'>\n\t\t\t<div class='gallery-icon landscape'>\n\t\t\t\t<a href='https:\/\/la-montez.de\/wp-content\/uploads\/2022\/09\/Lazzaro10Monate-e1662449841631.jpg' rel=\"lightbox[gallery-0]\"><img width=\"707\" height=\"630\" src=\"https:\/\/la-montez.de\/wp-content\/uploads\/2022\/09\/Lazzaro10Monate-e1662449841631.jpg\" class=\"attachment-full size-full\" alt=\"\" decoding=\"async\" loading=\"lazy\" srcset=\"https:\/\/la-montez.de\/wp-content\/uploads\/2022\/09\/Lazzaro10Monate-e1662449841631.jpg 707w, https:\/\/la-montez.de\/wp-content\/uploads\/2022\/09\/Lazzaro10Monate-e1662449841631-300x267.jpg 300w, https:\/\/la-montez.de\/wp-content\/uploads\/2022\/09\/Lazzaro10Monate-e1662449841631-13x12.jpg 13w\" sizes=\"(max-width: 707px) 100vw, 707px\" \/><\/a>\n\t\t\t<\/div><\/figure><figure class='gallery-item'>\n\t\t\t<div class='gallery-icon landscape'>\n\t\t\t\t<a href='https:\/\/la-montez.de\/wp-content\/uploads\/2022\/09\/Lazzaro10Monate.3.-e1662449874907.jpg' rel=\"lightbox[gallery-0]\"><img width=\"776\" height=\"686\" src=\"https:\/\/la-montez.de\/wp-content\/uploads\/2022\/09\/Lazzaro10Monate.3.-e1662449874907.jpg\" class=\"attachment-full size-full\" alt=\"\" decoding=\"async\" loading=\"lazy\" srcset=\"https:\/\/la-montez.de\/wp-content\/uploads\/2022\/09\/Lazzaro10Monate.3.-e1662449874907.jpg 776w, https:\/\/la-montez.de\/wp-content\/uploads\/2022\/09\/Lazzaro10Monate.3.-e1662449874907-300x265.jpg 300w, https:\/\/la-montez.de\/wp-content\/uploads\/2022\/09\/Lazzaro10Monate.3.-e1662449874907-768x679.jpg 768w, https:\/\/la-montez.de\/wp-content\/uploads\/2022\/09\/Lazzaro10Monate.3.-e1662449874907-14x12.jpg 14w\" sizes=\"(max-width: 776px) 100vw, 776px\" \/><\/a>\n\t\t\t<\/div><\/figure>\n\t\t<\/div>\n\n<h3><\/h3>\n<h3><img decoding=\"async\" class=\"aligncenter\" style=\"font-size: 16px;\" src=\"http:\/\/la-montez-papillons.de\/de\/wp-content\/uploads\/2017\/06\/line.png\" \/><\/h3>\n<h3 style=\"text-align: center;\">June till August<\/h3>\n<h3><img decoding=\"async\" class=\"aligncenter\" style=\"font-size: 16px;\" src=\"http:\/\/la-montez-papillons.de\/de\/wp-content\/uploads\/2017\/06\/line.png\" \/><\/h3>\n<p style=\"text-align: center;\">A successful day at Ludwigshafen.<\/p>\n<p style=\"text-align: center;\">Our guest girl Dareja vom Elbrubin won V1 with CAC, CaCib and BEST of BREED.<\/p>\n<p style=\"text-align: center;\">My little Lulu was first time in junior class and won against all others of her class and got best junior.<\/p>\n<p style=\"text-align: center;\">Jazz was happy as ever got V1 with CAC and won best oposite.<\/p>\n<div id='gallery-7' class='gallery galleryid-1940 gallery-columns-1 gallery-size-full'><figure class='gallery-item'>\n\t\t\t<div class='gallery-icon landscape'>\n\t\t\t\t<a href='https:\/\/la-montez.de\/wp-content\/uploads\/2022\/08\/ca.jpg' rel=\"lightbox[gallery-0]\"><img width=\"800\" height=\"667\" src=\"https:\/\/la-montez.de\/wp-content\/uploads\/2022\/08\/ca.jpg\" class=\"attachment-full size-full\" alt=\"\" decoding=\"async\" loading=\"lazy\" srcset=\"https:\/\/la-montez.de\/wp-content\/uploads\/2022\/08\/ca.jpg 800w, https:\/\/la-montez.de\/wp-content\/uploads\/2022\/08\/ca-300x250.jpg 300w, https:\/\/la-montez.de\/wp-content\/uploads\/2022\/08\/ca-768x640.jpg 768w, https:\/\/la-montez.de\/wp-content\/uploads\/2022\/08\/ca-14x12.jpg 14w\" sizes=\"(max-width: 800px) 100vw, 800px\" \/><\/a>\n\t\t\t<\/div><\/figure>\n\t\t<\/div>\n\n<h3><img decoding=\"async\" class=\"aligncenter\" style=\"font-size: 16px;\" src=\"http:\/\/la-montez-papillons.de\/de\/wp-content\/uploads\/2017\/06\/line.png\" \/><\/h3>\n<p style=\"text-align: center;\">We had visitors, Christina with Niels and Pepino (Kenai de La Montez) and Christina with Contessa and Josie.<\/p>\n<p style=\"text-align: center;\">It was a beautiful afternoon.<\/p>\n<div id='gallery-8' class='gallery galleryid-1940 gallery-columns-1 gallery-size-full'><figure class='gallery-item'>\n\t\t\t<div class='gallery-icon landscape'>\n\t\t\t\t<a href='https:\/\/la-montez.de\/wp-content\/uploads\/2022\/08\/Treffen08.22.jpg' rel=\"lightbox[gallery-0]\"><img width=\"800\" height=\"408\" src=\"https:\/\/la-montez.de\/wp-content\/uploads\/2022\/08\/Treffen08.22.jpg\" class=\"attachment-full size-full\" alt=\"\" decoding=\"async\" loading=\"lazy\" srcset=\"https:\/\/la-montez.de\/wp-content\/uploads\/2022\/08\/Treffen08.22.jpg 800w, https:\/\/la-montez.de\/wp-content\/uploads\/2022\/08\/Treffen08.22-300x153.jpg 300w, https:\/\/la-montez.de\/wp-content\/uploads\/2022\/08\/Treffen08.22-768x392.jpg 768w, https:\/\/la-montez.de\/wp-content\/uploads\/2022\/08\/Treffen08.22-18x9.jpg 18w\" sizes=\"(max-width: 800px) 100vw, 800px\" \/><\/a>\n\t\t\t<\/div><\/figure>\n\t\t<\/div>\n\n<div id='gallery-9' class='gallery galleryid-1940 gallery-columns-2 gallery-size-full'><figure class='gallery-item'>\n\t\t\t<div class='gallery-icon portrait'>\n\t\t\t\t<a href='https:\/\/la-montez.de\/wp-content\/uploads\/2022\/08\/Treffen.2.08.22-e1661871556118.jpg' rel=\"lightbox[gallery-0]\"><img width=\"524\" height=\"604\" src=\"https:\/\/la-montez.de\/wp-content\/uploads\/2022\/08\/Treffen.2.08.22-e1661871556118.jpg\" class=\"attachment-full size-full\" alt=\"\" decoding=\"async\" loading=\"lazy\" srcset=\"https:\/\/la-montez.de\/wp-content\/uploads\/2022\/08\/Treffen.2.08.22-e1661871556118.jpg 524w, https:\/\/la-montez.de\/wp-content\/uploads\/2022\/08\/Treffen.2.08.22-e1661871556118-260x300.jpg 260w, https:\/\/la-montez.de\/wp-content\/uploads\/2022\/08\/Treffen.2.08.22-e1661871556118-10x12.jpg 10w\" sizes=\"(max-width: 524px) 100vw, 524px\" \/><\/a>\n\t\t\t<\/div><\/figure><figure class='gallery-item'>\n\t\t\t<div class='gallery-icon portrait'>\n\t\t\t\t<a href='https:\/\/la-montez.de\/wp-content\/uploads\/2022\/08\/Treffen.1.08.22-e1661871581987.jpg' rel=\"lightbox[gallery-0]\"><img width=\"623\" height=\"698\" src=\"https:\/\/la-montez.de\/wp-content\/uploads\/2022\/08\/Treffen.1.08.22-e1661871581987.jpg\" class=\"attachment-full size-full\" alt=\"\" decoding=\"async\" loading=\"lazy\" srcset=\"https:\/\/la-montez.de\/wp-content\/uploads\/2022\/08\/Treffen.1.08.22-e1661871581987.jpg 623w, https:\/\/la-montez.de\/wp-content\/uploads\/2022\/08\/Treffen.1.08.22-e1661871581987-268x300.jpg 268w, https:\/\/la-montez.de\/wp-content\/uploads\/2022\/08\/Treffen.1.08.22-e1661871581987-11x12.jpg 11w\" sizes=\"(max-width: 623px) 100vw, 623px\" \/><\/a>\n\t\t\t<\/div><\/figure>\n\t\t<\/div>\n\n<h3><img decoding=\"async\" class=\"aligncenter\" style=\"font-size: 16px;\" src=\"http:\/\/la-montez-papillons.de\/de\/wp-content\/uploads\/2017\/06\/line.png\" \/><\/h3>\n<p style=\"text-align: center;\">Kenai aka Pepino at his first holliday.<\/p>\n<div id='gallery-10' class='gallery galleryid-1940 gallery-columns-2 gallery-size-full'><figure class='gallery-item'>\n\t\t\t<div class='gallery-icon landscape'>\n\t\t\t\t<a href='https:\/\/la-montez.de\/wp-content\/uploads\/2022\/08\/KenaiUrlaub1-e1661870747736.jpg' rel=\"lightbox[gallery-0]\"><img width=\"800\" height=\"523\" src=\"https:\/\/la-montez.de\/wp-content\/uploads\/2022\/08\/KenaiUrlaub1-e1661870747736.jpg\" class=\"attachment-full size-full\" alt=\"\" decoding=\"async\" loading=\"lazy\" srcset=\"https:\/\/la-montez.de\/wp-content\/uploads\/2022\/08\/KenaiUrlaub1-e1661870747736.jpg 800w, https:\/\/la-montez.de\/wp-content\/uploads\/2022\/08\/KenaiUrlaub1-e1661870747736-300x196.jpg 300w, https:\/\/la-montez.de\/wp-content\/uploads\/2022\/08\/KenaiUrlaub1-e1661870747736-768x502.jpg 768w, https:\/\/la-montez.de\/wp-content\/uploads\/2022\/08\/KenaiUrlaub1-e1661870747736-18x12.jpg 18w\" sizes=\"(max-width: 800px) 100vw, 800px\" \/><\/a>\n\t\t\t<\/div><\/figure><figure class='gallery-item'>\n\t\t\t<div class='gallery-icon landscape'>\n\t\t\t\t<a href='https:\/\/la-montez.de\/wp-content\/uploads\/2022\/08\/KenaiUrlaub4-e1661870721925.jpg' rel=\"lightbox[gallery-0]\"><img width=\"800\" height=\"520\" src=\"https:\/\/la-montez.de\/wp-content\/uploads\/2022\/08\/KenaiUrlaub4-e1661870721925.jpg\" class=\"attachment-full size-full\" alt=\"\" decoding=\"async\" loading=\"lazy\" srcset=\"https:\/\/la-montez.de\/wp-content\/uploads\/2022\/08\/KenaiUrlaub4-e1661870721925.jpg 800w, https:\/\/la-montez.de\/wp-content\/uploads\/2022\/08\/KenaiUrlaub4-e1661870721925-300x195.jpg 300w, https:\/\/la-montez.de\/wp-content\/uploads\/2022\/08\/KenaiUrlaub4-e1661870721925-768x499.jpg 768w, https:\/\/la-montez.de\/wp-content\/uploads\/2022\/08\/KenaiUrlaub4-e1661870721925-18x12.jpg 18w\" sizes=\"(max-width: 800px) 100vw, 800px\" \/><\/a>\n\t\t\t<\/div><\/figure><figure class='gallery-item'>\n\t\t\t<div class='gallery-icon landscape'>\n\t\t\t\t<a href='https:\/\/la-montez.de\/wp-content\/uploads\/2022\/08\/KenaiUrlaub2.jpg' rel=\"lightbox[gallery-0]\"><img width=\"800\" height=\"453\" src=\"https:\/\/la-montez.de\/wp-content\/uploads\/2022\/08\/KenaiUrlaub2.jpg\" class=\"attachment-full size-full\" alt=\"\" decoding=\"async\" loading=\"lazy\" srcset=\"https:\/\/la-montez.de\/wp-content\/uploads\/2022\/08\/KenaiUrlaub2.jpg 800w, https:\/\/la-montez.de\/wp-content\/uploads\/2022\/08\/KenaiUrlaub2-300x170.jpg 300w, https:\/\/la-montez.de\/wp-content\/uploads\/2022\/08\/KenaiUrlaub2-768x435.jpg 768w, https:\/\/la-montez.de\/wp-content\/uploads\/2022\/08\/KenaiUrlaub2-18x10.jpg 18w\" sizes=\"(max-width: 800px) 100vw, 800px\" \/><\/a>\n\t\t\t<\/div><\/figure><figure class='gallery-item'>\n\t\t\t<div class='gallery-icon landscape'>\n\t\t\t\t<a href='https:\/\/la-montez.de\/wp-content\/uploads\/2022\/08\/KenaiUrlaub3-e1661870959873.jpg' rel=\"lightbox[gallery-0]\"><img width=\"800\" height=\"468\" src=\"https:\/\/la-montez.de\/wp-content\/uploads\/2022\/08\/KenaiUrlaub3-e1661870959873.jpg\" class=\"attachment-full size-full\" alt=\"\" decoding=\"async\" loading=\"lazy\" srcset=\"https:\/\/la-montez.de\/wp-content\/uploads\/2022\/08\/KenaiUrlaub3-e1661870959873.jpg 800w, https:\/\/la-montez.de\/wp-content\/uploads\/2022\/08\/KenaiUrlaub3-e1661870959873-300x176.jpg 300w, https:\/\/la-montez.de\/wp-content\/uploads\/2022\/08\/KenaiUrlaub3-e1661870959873-768x449.jpg 768w, https:\/\/la-montez.de\/wp-content\/uploads\/2022\/08\/KenaiUrlaub3-e1661870959873-18x12.jpg 18w\" sizes=\"(max-width: 800px) 100vw, 800px\" \/><\/a>\n\t\t\t<\/div><\/figure>\n\t\t<\/div>\n\n<h3><img decoding=\"async\" class=\"aligncenter\" style=\"font-size: 16px;\" src=\"http:\/\/la-montez-papillons.de\/de\/wp-content\/uploads\/2017\/06\/line.png\" \/><\/h3>\n<p style=\"text-align: center;\">Our Manni love his retired life, holliday at the sea.<\/p>\n<div id='gallery-11' class='gallery galleryid-1940 gallery-columns-3 gallery-size-full'><figure class='gallery-item'>\n\t\t\t<div class='gallery-icon portrait'>\n\t\t\t\t<a href='https:\/\/la-montez.de\/wp-content\/uploads\/2022\/08\/ManniUrlaub.1.-e1661870367451.jpg' rel=\"lightbox[gallery-0]\"><img width=\"589\" height=\"609\" src=\"https:\/\/la-montez.de\/wp-content\/uploads\/2022\/08\/ManniUrlaub.1.-e1661870367451.jpg\" class=\"attachment-full size-full\" alt=\"\" decoding=\"async\" loading=\"lazy\" srcset=\"https:\/\/la-montez.de\/wp-content\/uploads\/2022\/08\/ManniUrlaub.1.-e1661870367451.jpg 589w, https:\/\/la-montez.de\/wp-content\/uploads\/2022\/08\/ManniUrlaub.1.-e1661870367451-290x300.jpg 290w, https:\/\/la-montez.de\/wp-content\/uploads\/2022\/08\/ManniUrlaub.1.-e1661870367451-12x12.jpg 12w\" sizes=\"(max-width: 589px) 100vw, 589px\" \/><\/a>\n\t\t\t<\/div><\/figure><figure class='gallery-item'>\n\t\t\t<div class='gallery-icon landscape'>\n\t\t\t\t<a href='https:\/\/la-montez.de\/wp-content\/uploads\/2022\/08\/ManniUrlaub.2..jpg' rel=\"lightbox[gallery-0]\"><img width=\"800\" height=\"690\" src=\"https:\/\/la-montez.de\/wp-content\/uploads\/2022\/08\/ManniUrlaub.2..jpg\" class=\"attachment-full size-full\" alt=\"\" decoding=\"async\" loading=\"lazy\" srcset=\"https:\/\/la-montez.de\/wp-content\/uploads\/2022\/08\/ManniUrlaub.2..jpg 800w, https:\/\/la-montez.de\/wp-content\/uploads\/2022\/08\/ManniUrlaub.2.-300x259.jpg 300w, https:\/\/la-montez.de\/wp-content\/uploads\/2022\/08\/ManniUrlaub.2.-768x662.jpg 768w, https:\/\/la-montez.de\/wp-content\/uploads\/2022\/08\/ManniUrlaub.2.-14x12.jpg 14w\" sizes=\"(max-width: 800px) 100vw, 800px\" \/><\/a>\n\t\t\t<\/div><\/figure><figure class='gallery-item'>\n\t\t\t<div class='gallery-icon portrait'>\n\t\t\t\t<a href='https:\/\/la-montez.de\/wp-content\/uploads\/2022\/08\/ManniUrlaub.jpg' rel=\"lightbox[gallery-0]\"><img width=\"691\" height=\"700\" src=\"https:\/\/la-montez.de\/wp-content\/uploads\/2022\/08\/ManniUrlaub.jpg\" class=\"attachment-full size-full\" alt=\"\" decoding=\"async\" loading=\"lazy\" srcset=\"https:\/\/la-montez.de\/wp-content\/uploads\/2022\/08\/ManniUrlaub.jpg 691w, https:\/\/la-montez.de\/wp-content\/uploads\/2022\/08\/ManniUrlaub-296x300.jpg 296w, https:\/\/la-montez.de\/wp-content\/uploads\/2022\/08\/ManniUrlaub-12x12.jpg 12w\" sizes=\"(max-width: 691px) 100vw, 691px\" \/><\/a>\n\t\t\t<\/div><\/figure>\n\t\t<\/div>\n\n<h3><img decoding=\"async\" class=\"aligncenter\" style=\"font-size: 16px;\" src=\"http:\/\/la-montez-papillons.de\/de\/wp-content\/uploads\/2017\/06\/line.png\" \/><\/h3>\n<p style=\"text-align: center;\">Haron say\u00b4s hello<\/p>\n<div id='gallery-12' class='gallery galleryid-1940 gallery-columns-3 gallery-size-full'><figure class='gallery-item'>\n\t\t\t<div class='gallery-icon portrait'>\n\t\t\t\t<a href='https:\/\/la-montez.de\/wp-content\/uploads\/2022\/08\/Haron.6Jahre.1.jpg' rel=\"lightbox[gallery-0]\"><img width=\"688\" height=\"700\" src=\"https:\/\/la-montez.de\/wp-content\/uploads\/2022\/08\/Haron.6Jahre.1.jpg\" class=\"attachment-full size-full\" alt=\"\" decoding=\"async\" loading=\"lazy\" srcset=\"https:\/\/la-montez.de\/wp-content\/uploads\/2022\/08\/Haron.6Jahre.1.jpg 688w, https:\/\/la-montez.de\/wp-content\/uploads\/2022\/08\/Haron.6Jahre.1-295x300.jpg 295w, https:\/\/la-montez.de\/wp-content\/uploads\/2022\/08\/Haron.6Jahre.1-12x12.jpg 12w\" sizes=\"(max-width: 688px) 100vw, 688px\" \/><\/a>\n\t\t\t<\/div><\/figure><figure class='gallery-item'>\n\t\t\t<div class='gallery-icon portrait'>\n\t\t\t\t<a href='https:\/\/la-montez.de\/wp-content\/uploads\/2022\/08\/Haron.6Jahre.2-e1661870023656.jpg' rel=\"lightbox[gallery-0]\"><img width=\"527\" height=\"531\" src=\"https:\/\/la-montez.de\/wp-content\/uploads\/2022\/08\/Haron.6Jahre.2-e1661870023656.jpg\" class=\"attachment-full size-full\" alt=\"\" decoding=\"async\" loading=\"lazy\" srcset=\"https:\/\/la-montez.de\/wp-content\/uploads\/2022\/08\/Haron.6Jahre.2-e1661870023656.jpg 527w, https:\/\/la-montez.de\/wp-content\/uploads\/2022\/08\/Haron.6Jahre.2-e1661870023656-298x300.jpg 298w, https:\/\/la-montez.de\/wp-content\/uploads\/2022\/08\/Haron.6Jahre.2-e1661870023656-150x150.jpg 150w, https:\/\/la-montez.de\/wp-content\/uploads\/2022\/08\/Haron.6Jahre.2-e1661870023656-12x12.jpg 12w\" sizes=\"(max-width: 527px) 100vw, 527px\" \/><\/a>\n\t\t\t<\/div><\/figure><figure class='gallery-item'>\n\t\t\t<div class='gallery-icon portrait'>\n\t\t\t\t<a href='https:\/\/la-montez.de\/wp-content\/uploads\/2022\/08\/Haron.6Jahre.3-e1661870073808.jpg' rel=\"lightbox[gallery-0]\"><img width=\"560\" height=\"579\" src=\"https:\/\/la-montez.de\/wp-content\/uploads\/2022\/08\/Haron.6Jahre.3-e1661870073808.jpg\" class=\"attachment-full size-full\" alt=\"\" decoding=\"async\" loading=\"lazy\" srcset=\"https:\/\/la-montez.de\/wp-content\/uploads\/2022\/08\/Haron.6Jahre.3-e1661870073808.jpg 560w, https:\/\/la-montez.de\/wp-content\/uploads\/2022\/08\/Haron.6Jahre.3-e1661870073808-290x300.jpg 290w, https:\/\/la-montez.de\/wp-content\/uploads\/2022\/08\/Haron.6Jahre.3-e1661870073808-12x12.jpg 12w\" sizes=\"(max-width: 560px) 100vw, 560px\" \/><\/a>\n\t\t\t<\/div><\/figure>\n\t\t<\/div>\n\n<h3><img decoding=\"async\" class=\"aligncenter\" style=\"font-size: 16px;\" src=\"http:\/\/la-montez-papillons.de\/de\/wp-content\/uploads\/2017\/06\/line.png\" \/><\/h3>\n<p style=\"text-align: center;\">Our K litter is now 1 year old<\/p>\n<div id='gallery-13' class='gallery galleryid-1940 gallery-columns-2 gallery-size-full'><figure class='gallery-item'>\n\t\t\t<div class='gallery-icon portrait'>\n\t\t\t\t<a href='https:\/\/la-montez.de\/wp-content\/uploads\/2022\/08\/Kassiopeia1Jahr-e1659352775455.jpg' rel=\"lightbox[gallery-0]\"><img width=\"547\" height=\"666\" src=\"https:\/\/la-montez.de\/wp-content\/uploads\/2022\/08\/Kassiopeia1Jahr-e1659352775455.jpg\" class=\"attachment-full size-full\" alt=\"\" decoding=\"async\" loading=\"lazy\" aria-describedby=\"gallery-13-2033\" srcset=\"https:\/\/la-montez.de\/wp-content\/uploads\/2022\/08\/Kassiopeia1Jahr-e1659352775455.jpg 547w, https:\/\/la-montez.de\/wp-content\/uploads\/2022\/08\/Kassiopeia1Jahr-e1659352775455-246x300.jpg 246w, https:\/\/la-montez.de\/wp-content\/uploads\/2022\/08\/Kassiopeia1Jahr-e1659352775455-10x12.jpg 10w\" sizes=\"(max-width: 547px) 100vw, 547px\" \/><\/a>\n\t\t\t<\/div>\n\t\t\t\t<figcaption class='wp-caption-text gallery-caption' id='gallery-13-2033'>\n\t\t\t\tKassiopaia aka Lily\n\t\t\t\t<\/figcaption><\/figure><figure class='gallery-item'>\n\t\t\t<div class='gallery-icon portrait'>\n\t\t\t\t<a href='https:\/\/la-montez.de\/wp-content\/uploads\/2022\/08\/Kassiopeia1Jahr1-e1659352722974.jpg' rel=\"lightbox[gallery-0]\"><img width=\"470\" height=\"603\" src=\"https:\/\/la-montez.de\/wp-content\/uploads\/2022\/08\/Kassiopeia1Jahr1-e1659352722974.jpg\" class=\"attachment-full size-full\" alt=\"\" decoding=\"async\" loading=\"lazy\" aria-describedby=\"gallery-13-2034\" srcset=\"https:\/\/la-montez.de\/wp-content\/uploads\/2022\/08\/Kassiopeia1Jahr1-e1659352722974.jpg 470w, https:\/\/la-montez.de\/wp-content\/uploads\/2022\/08\/Kassiopeia1Jahr1-e1659352722974-234x300.jpg 234w, https:\/\/la-montez.de\/wp-content\/uploads\/2022\/08\/Kassiopeia1Jahr1-e1659352722974-9x12.jpg 9w\" sizes=\"(max-width: 470px) 100vw, 470px\" \/><\/a>\n\t\t\t<\/div>\n\t\t\t\t<figcaption class='wp-caption-text gallery-caption' id='gallery-13-2034'>\n\t\t\t\tKassiopaia aka Lily\n\t\t\t\t<\/figcaption><\/figure><figure class='gallery-item'>\n\t\t\t<div class='gallery-icon portrait'>\n\t\t\t\t<a href='https:\/\/la-montez.de\/wp-content\/uploads\/2022\/08\/Kenai1J-e1659352835555.jpg' rel=\"lightbox[gallery-0]\"><img width=\"525\" height=\"635\" src=\"https:\/\/la-montez.de\/wp-content\/uploads\/2022\/08\/Kenai1J-e1659352835555.jpg\" class=\"attachment-full size-full\" alt=\"\" decoding=\"async\" loading=\"lazy\" aria-describedby=\"gallery-13-2035\" srcset=\"https:\/\/la-montez.de\/wp-content\/uploads\/2022\/08\/Kenai1J-e1659352835555.jpg 525w, https:\/\/la-montez.de\/wp-content\/uploads\/2022\/08\/Kenai1J-e1659352835555-248x300.jpg 248w, https:\/\/la-montez.de\/wp-content\/uploads\/2022\/08\/Kenai1J-e1659352835555-10x12.jpg 10w\" sizes=\"(max-width: 525px) 100vw, 525px\" \/><\/a>\n\t\t\t<\/div>\n\t\t\t\t<figcaption class='wp-caption-text gallery-caption' id='gallery-13-2035'>\n\t\t\t\tKenai aka Pepino\n\t\t\t\t<\/figcaption><\/figure><figure class='gallery-item'>\n\t\t\t<div class='gallery-icon portrait'>\n\t\t\t\t<a href='https:\/\/la-montez.de\/wp-content\/uploads\/2022\/08\/Kenai1J1.jpg' rel=\"lightbox[gallery-0]\"><img width=\"621\" height=\"700\" src=\"https:\/\/la-montez.de\/wp-content\/uploads\/2022\/08\/Kenai1J1.jpg\" class=\"attachment-full size-full\" alt=\"\" decoding=\"async\" loading=\"lazy\" aria-describedby=\"gallery-13-2036\" srcset=\"https:\/\/la-montez.de\/wp-content\/uploads\/2022\/08\/Kenai1J1.jpg 621w, https:\/\/la-montez.de\/wp-content\/uploads\/2022\/08\/Kenai1J1-266x300.jpg 266w, https:\/\/la-montez.de\/wp-content\/uploads\/2022\/08\/Kenai1J1-11x12.jpg 11w\" sizes=\"(max-width: 621px) 100vw, 621px\" \/><\/a>\n\t\t\t<\/div>\n\t\t\t\t<figcaption class='wp-caption-text gallery-caption' id='gallery-13-2036'>\n\t\t\t\tKenai aka Pepino\n\t\t\t\t<\/figcaption><\/figure><figure class='gallery-item'>\n\t\t\t<div class='gallery-icon landscape'>\n\t\t\t\t<a href='https:\/\/la-montez.de\/wp-content\/uploads\/2022\/08\/Kiala1J.2.jpg' rel=\"lightbox[gallery-0]\"><img width=\"724\" height=\"513\" src=\"https:\/\/la-montez.de\/wp-content\/uploads\/2022\/08\/Kiala1J.2.jpg\" class=\"attachment-full size-full\" alt=\"\" decoding=\"async\" loading=\"lazy\" aria-describedby=\"gallery-13-2037\" srcset=\"https:\/\/la-montez.de\/wp-content\/uploads\/2022\/08\/Kiala1J.2.jpg 724w, https:\/\/la-montez.de\/wp-content\/uploads\/2022\/08\/Kiala1J.2-300x213.jpg 300w, https:\/\/la-montez.de\/wp-content\/uploads\/2022\/08\/Kiala1J.2-18x12.jpg 18w\" sizes=\"(max-width: 724px) 100vw, 724px\" \/><\/a>\n\t\t\t<\/div>\n\t\t\t\t<figcaption class='wp-caption-text gallery-caption' id='gallery-13-2037'>\n\t\t\t\tKiala\n\t\t\t\t<\/figcaption><\/figure><figure class='gallery-item'>\n\t\t\t<div class='gallery-icon portrait'>\n\t\t\t\t<a href='https:\/\/la-montez.de\/wp-content\/uploads\/2022\/08\/Kiala1J.3-e1659352894467.jpg' rel=\"lightbox[gallery-0]\"><img width=\"399\" height=\"500\" src=\"https:\/\/la-montez.de\/wp-content\/uploads\/2022\/08\/Kiala1J.3-e1659352894467.jpg\" class=\"attachment-full size-full\" alt=\"\" decoding=\"async\" loading=\"lazy\" aria-describedby=\"gallery-13-2038\" srcset=\"https:\/\/la-montez.de\/wp-content\/uploads\/2022\/08\/Kiala1J.3-e1659352894467.jpg 399w, https:\/\/la-montez.de\/wp-content\/uploads\/2022\/08\/Kiala1J.3-e1659352894467-239x300.jpg 239w, https:\/\/la-montez.de\/wp-content\/uploads\/2022\/08\/Kiala1J.3-e1659352894467-10x12.jpg 10w\" sizes=\"(max-width: 399px) 100vw, 399px\" \/><\/a>\n\t\t\t<\/div>\n\t\t\t\t<figcaption class='wp-caption-text gallery-caption' id='gallery-13-2038'>\n\t\t\t\tKiala\n\t\t\t\t<\/figcaption><\/figure>\n\t\t<\/div>\n\n<h3><img decoding=\"async\" class=\"aligncenter\" style=\"font-size: 16px;\" src=\"http:\/\/la-montez-papillons.de\/de\/wp-content\/uploads\/2017\/06\/line.png\" \/><\/h3>\n<p style=\"text-align: center;\">Manni found his perfect home, were he can be the prince he always was.<\/p>\n<div id='gallery-14' class='gallery galleryid-1940 gallery-columns-1 gallery-size-full'><figure class='gallery-item'>\n\t\t\t<div class='gallery-icon landscape'>\n\t\t\t\t<a href='https:\/\/la-montez.de\/wp-content\/uploads\/2022\/08\/Manni7J.1.jpg' rel=\"lightbox[gallery-0]\"><img width=\"800\" height=\"389\" src=\"https:\/\/la-montez.de\/wp-content\/uploads\/2022\/08\/Manni7J.1.jpg\" class=\"attachment-full size-full\" alt=\"\" decoding=\"async\" loading=\"lazy\" srcset=\"https:\/\/la-montez.de\/wp-content\/uploads\/2022\/08\/Manni7J.1.jpg 800w, https:\/\/la-montez.de\/wp-content\/uploads\/2022\/08\/Manni7J.1-300x146.jpg 300w, https:\/\/la-montez.de\/wp-content\/uploads\/2022\/08\/Manni7J.1-768x373.jpg 768w, https:\/\/la-montez.de\/wp-content\/uploads\/2022\/08\/Manni7J.1-18x9.jpg 18w\" sizes=\"(max-width: 800px) 100vw, 800px\" \/><\/a>\n\t\t\t<\/div><\/figure>\n\t\t<\/div>\n\n<h3><img decoding=\"async\" class=\"aligncenter\" style=\"font-size: 16px;\" src=\"http:\/\/la-montez-papillons.de\/de\/wp-content\/uploads\/2017\/06\/line.png\" \/><\/h3>\n<p style=\"text-align: center;\">Kiala did her first holliday at the sea, she had lots of fun.<\/p>\n<div id='gallery-15' class='gallery galleryid-1940 gallery-columns-2 gallery-size-full'><figure class='gallery-item'>\n\t\t\t<div class='gallery-icon landscape'>\n\t\t\t\t<a href='https:\/\/la-montez.de\/wp-content\/uploads\/2022\/08\/Kiala1J.1.jpg' rel=\"lightbox[gallery-0]\"><img width=\"800\" height=\"700\" src=\"https:\/\/la-montez.de\/wp-content\/uploads\/2022\/08\/Kiala1J.1.jpg\" class=\"attachment-full size-full\" alt=\"\" decoding=\"async\" loading=\"lazy\" srcset=\"https:\/\/la-montez.de\/wp-content\/uploads\/2022\/08\/Kiala1J.1.jpg 800w, https:\/\/la-montez.de\/wp-content\/uploads\/2022\/08\/Kiala1J.1-300x263.jpg 300w, https:\/\/la-montez.de\/wp-content\/uploads\/2022\/08\/Kiala1J.1-768x672.jpg 768w, https:\/\/la-montez.de\/wp-content\/uploads\/2022\/08\/Kiala1J.1-14x12.jpg 14w\" sizes=\"(max-width: 800px) 100vw, 800px\" \/><\/a>\n\t\t\t<\/div><\/figure><figure class='gallery-item'>\n\t\t\t<div class='gallery-icon landscape'>\n\t\t\t\t<a href='https:\/\/la-montez.de\/wp-content\/uploads\/2022\/08\/Kiala1J-e1659353440861.jpg' rel=\"lightbox[gallery-0]\"><img width=\"567\" height=\"526\" src=\"https:\/\/la-montez.de\/wp-content\/uploads\/2022\/08\/Kiala1J-e1659353440861.jpg\" class=\"attachment-full size-full\" alt=\"\" decoding=\"async\" loading=\"lazy\" srcset=\"https:\/\/la-montez.de\/wp-content\/uploads\/2022\/08\/Kiala1J-e1659353440861.jpg 567w, https:\/\/la-montez.de\/wp-content\/uploads\/2022\/08\/Kiala1J-e1659353440861-300x278.jpg 300w, https:\/\/la-montez.de\/wp-content\/uploads\/2022\/08\/Kiala1J-e1659353440861-13x12.jpg 13w\" sizes=\"(max-width: 567px) 100vw, 567px\" \/><\/a>\n\t\t\t<\/div><\/figure>\n\t\t<\/div>\n\n<h3><img decoding=\"async\" class=\"aligncenter\" style=\"font-size: 16px;\" src=\"http:\/\/la-montez-papillons.de\/de\/wp-content\/uploads\/2017\/06\/line.png\" \/><\/h3>\n<p style=\"text-align: center;\">Juno de La Montez is now clearly a Phalene and a bavaria football fan.<\/p>\n<div id='gallery-16' class='gallery galleryid-1940 gallery-columns-1 gallery-size-full'><figure class='gallery-item'>\n\t\t\t<div class='gallery-icon portrait'>\n\t\t\t\t<a href='https:\/\/la-montez.de\/wp-content\/uploads\/2022\/08\/Juno2Jahre.jpg' rel=\"lightbox[gallery-0]\"><img width=\"588\" height=\"700\" src=\"https:\/\/la-montez.de\/wp-content\/uploads\/2022\/08\/Juno2Jahre.jpg\" class=\"attachment-full size-full\" alt=\"\" decoding=\"async\" loading=\"lazy\" srcset=\"https:\/\/la-montez.de\/wp-content\/uploads\/2022\/08\/Juno2Jahre.jpg 588w, https:\/\/la-montez.de\/wp-content\/uploads\/2022\/08\/Juno2Jahre-252x300.jpg 252w, https:\/\/la-montez.de\/wp-content\/uploads\/2022\/08\/Juno2Jahre-10x12.jpg 10w\" sizes=\"(max-width: 588px) 100vw, 588px\" \/><\/a>\n\t\t\t<\/div><\/figure>\n\t\t<\/div>\n\n<h3><img decoding=\"async\" class=\"aligncenter\" style=\"font-size: 16px;\" src=\"http:\/\/la-montez-papillons.de\/de\/wp-content\/uploads\/2017\/06\/line.png\" \/><\/h3>\n<p style=\"text-align: center;\">Josie und Contessa im Urlaubsfeeling<\/p>\n<div id='gallery-17' class='gallery galleryid-1940 gallery-columns-3 gallery-size-full'><figure class='gallery-item'>\n\t\t\t<div class='gallery-icon portrait'>\n\t\t\t\t<a href='https:\/\/la-montez.de\/wp-content\/uploads\/2022\/08\/Josie.Urlaub3.22.jpg' rel=\"lightbox[gallery-0]\"><img width=\"575\" height=\"700\" src=\"https:\/\/la-montez.de\/wp-content\/uploads\/2022\/08\/Josie.Urlaub3.22.jpg\" class=\"attachment-full size-full\" alt=\"\" decoding=\"async\" loading=\"lazy\" srcset=\"https:\/\/la-montez.de\/wp-content\/uploads\/2022\/08\/Josie.Urlaub3.22.jpg 575w, https:\/\/la-montez.de\/wp-content\/uploads\/2022\/08\/Josie.Urlaub3.22-246x300.jpg 246w, https:\/\/la-montez.de\/wp-content\/uploads\/2022\/08\/Josie.Urlaub3.22-10x12.jpg 10w\" sizes=\"(max-width: 575px) 100vw, 575px\" \/><\/a>\n\t\t\t<\/div><\/figure><figure class='gallery-item'>\n\t\t\t<div class='gallery-icon landscape'>\n\t\t\t\t<a href='https:\/\/la-montez.de\/wp-content\/uploads\/2022\/08\/Josie.Urlaub.22.jpg' rel=\"lightbox[gallery-0]\"><img width=\"800\" height=\"600\" src=\"https:\/\/la-montez.de\/wp-content\/uploads\/2022\/08\/Josie.Urlaub.22.jpg\" class=\"attachment-full size-full\" alt=\"\" decoding=\"async\" loading=\"lazy\" srcset=\"https:\/\/la-montez.de\/wp-content\/uploads\/2022\/08\/Josie.Urlaub.22.jpg 800w, https:\/\/la-montez.de\/wp-content\/uploads\/2022\/08\/Josie.Urlaub.22-300x225.jpg 300w, https:\/\/la-montez.de\/wp-content\/uploads\/2022\/08\/Josie.Urlaub.22-768x576.jpg 768w, https:\/\/la-montez.de\/wp-content\/uploads\/2022\/08\/Josie.Urlaub.22-16x12.jpg 16w\" sizes=\"(max-width: 800px) 100vw, 800px\" \/><\/a>\n\t\t\t<\/div><\/figure><figure class='gallery-item'>\n\t\t\t<div class='gallery-icon portrait'>\n\t\t\t\t<a href='https:\/\/la-montez.de\/wp-content\/uploads\/2022\/08\/Josie.Urlaub1.22.jpg' rel=\"lightbox[gallery-0]\"><img width=\"567\" height=\"700\" src=\"https:\/\/la-montez.de\/wp-content\/uploads\/2022\/08\/Josie.Urlaub1.22.jpg\" class=\"attachment-full size-full\" alt=\"\" decoding=\"async\" loading=\"lazy\" srcset=\"https:\/\/la-montez.de\/wp-content\/uploads\/2022\/08\/Josie.Urlaub1.22.jpg 567w, https:\/\/la-montez.de\/wp-content\/uploads\/2022\/08\/Josie.Urlaub1.22-243x300.jpg 243w, https:\/\/la-montez.de\/wp-content\/uploads\/2022\/08\/Josie.Urlaub1.22-10x12.jpg 10w\" sizes=\"(max-width: 567px) 100vw, 567px\" \/><\/a>\n\t\t\t<\/div><\/figure>\n\t\t<\/div>\n\n<h3><img decoding=\"async\" class=\"aligncenter\" style=\"font-size: 16px;\" src=\"http:\/\/la-montez-papillons.de\/de\/wp-content\/uploads\/2017\/06\/line.png\" \/><\/h3>\n<p style=\"text-align: center;\"><strong>There is a time, a breeders heart is broken,<\/strong><\/p>\n<p style=\"text-align: center;\"><strong>a time you are struggeling with your decissions,<\/strong><\/p>\n<p style=\"text-align: center;\"><strong>or a time you think you should give up.<\/strong><\/p>\n<p>&nbsp;<\/p>\n<p style=\"text-align: center;\">I write this today, because I like that everyone can understand my decissions. I like that my breeding is transperent and honest. Maybe I also write this to make my heart feel lighter.<\/p>\n<p style=\"text-align: center;\">I bought Polar Wings Unlimited Free Love aka Momo from Russia, I was hoping she could be the perfect match for my boy Yukatan. But life is cruelty, sometimes. Momo eat rat poision and was close to death for two days.<\/p>\n<p style=\"text-align: center;\">She was a fighter, I sent her back to her breeder because he had more possibillity\u00b4s to make more investigations at Momo, to be sure she is realy fine again.\nLavita, goes to a privat home because she had always difficult birth.<\/p>\n<p style=\"text-align: center;\">In March my breader heart get broken. Kainalou started head bobbing. Short time after, she<\/p>\n<p style=\"text-align: center;\">diaphram fracture. Kainalu was for three days at the vet but she didn\u00b4t survive. \nNow it is only my old boy Yukatan and his daughter left. I will get something back from my lines from Sweden.\nMybe there will be a futur for my Kennel, but at the moment my power is empthy.<\/p>\n<p style=\"text-align: center;\">She will never forgotten, Kainalou aka Kalou 31.07.21-01.04.22<\/p>\n<div id='gallery-18' class='gallery galleryid-1940 gallery-columns-3 gallery-size-thumbnail'><figure class='gallery-item'>\n\t\t\t<div class='gallery-icon landscape'>\n\t\t\t\t<a href='https:\/\/la-montez.de\/wp-content\/uploads\/2022\/03\/Kainalu8Monate.jpg' rel=\"lightbox[gallery-0]\"><img width=\"150\" height=\"150\" src=\"https:\/\/la-montez.de\/wp-content\/uploads\/2022\/03\/Kainalu8Monate-150x150.jpg\" class=\"attachment-thumbnail size-thumbnail\" alt=\"\" decoding=\"async\" loading=\"lazy\" \/><\/a>\n\t\t\t<\/div><\/figure><figure class='gallery-item'>\n\t\t\t<div class='gallery-icon landscape'>\n\t\t\t\t<a href='https:\/\/la-montez.de\/wp-content\/uploads\/2022\/03\/Kainalu8Monate2.jpg' rel=\"lightbox[gallery-0]\"><img width=\"150\" height=\"150\" src=\"https:\/\/la-montez.de\/wp-content\/uploads\/2022\/03\/Kainalu8Monate2-150x150.jpg\" class=\"attachment-thumbnail size-thumbnail\" alt=\"\" decoding=\"async\" loading=\"lazy\" \/><\/a>\n\t\t\t<\/div><\/figure><figure class='gallery-item'>\n\t\t\t<div class='gallery-icon portrait'>\n\t\t\t\t<a href='https:\/\/la-montez.de\/wp-content\/uploads\/2021\/10\/Kainalu12Wochen.jpg' rel=\"lightbox[gallery-0]\"><img width=\"150\" height=\"150\" src=\"https:\/\/la-montez.de\/wp-content\/uploads\/2021\/10\/Kainalu12Wochen-150x150.jpg\" class=\"attachment-thumbnail size-thumbnail\" alt=\"\" decoding=\"async\" loading=\"lazy\" srcset=\"https:\/\/la-montez.de\/wp-content\/uploads\/2021\/10\/Kainalu12Wochen-150x150.jpg 150w, https:\/\/la-montez.de\/wp-content\/uploads\/2021\/10\/Kainalu12Wochen-11x12.jpg 11w\" sizes=\"(max-width: 150px) 100vw, 150px\" \/><\/a>\n\t\t\t<\/div><\/figure><figure class='gallery-item'>\n\t\t\t<div class='gallery-icon landscape'>\n\t\t\t\t<a href='https:\/\/la-montez.de\/wp-content\/uploads\/2021\/09\/Kainalu8Wochen.jpg' rel=\"lightbox[gallery-0]\"><img width=\"150\" height=\"150\" src=\"https:\/\/la-montez.de\/wp-content\/uploads\/2021\/09\/Kainalu8Wochen-150x150.jpg\" class=\"attachment-thumbnail size-thumbnail\" alt=\"\" decoding=\"async\" loading=\"lazy\" \/><\/a>\n\t\t\t<\/div><\/figure><figure class='gallery-item'>\n\t\t\t<div class='gallery-icon landscape'>\n\t\t\t\t<a href='https:\/\/la-montez.de\/wp-content\/uploads\/2021\/09\/Kainalu7Wochen.jpg' rel=\"lightbox[gallery-0]\"><img width=\"150\" height=\"150\" src=\"https:\/\/la-montez.de\/wp-content\/uploads\/2021\/09\/Kainalu7Wochen-150x150.jpg\" class=\"attachment-thumbnail size-thumbnail\" alt=\"\" decoding=\"async\" loading=\"lazy\" srcset=\"https:\/\/la-montez.de\/wp-content\/uploads\/2021\/09\/Kainalu7Wochen-150x150.jpg 150w, https:\/\/la-montez.de\/wp-content\/uploads\/2021\/09\/Kainalu7Wochen-13x12.jpg 13w\" sizes=\"(max-width: 150px) 100vw, 150px\" \/><\/a>\n\t\t\t<\/div><\/figure><figure class='gallery-item'>\n\t\t\t<div class='gallery-icon landscape'>\n\t\t\t\t<a href='https:\/\/la-montez.de\/wp-content\/uploads\/2021\/08\/Kainalu10Tage.jpg' rel=\"lightbox[gallery-0]\"><img width=\"150\" height=\"150\" src=\"https:\/\/la-montez.de\/wp-content\/uploads\/2021\/08\/Kainalu10Tage-150x150.jpg\" class=\"attachment-thumbnail size-thumbnail\" alt=\"\" decoding=\"async\" loading=\"lazy\" \/><\/a>\n\t\t\t<\/div><\/figure>\n\t\t<\/div>\n\n<h3><img decoding=\"async\" class=\"aligncenter\" style=\"font-size: 16px;\" src=\"http:\/\/la-montez-papillons.de\/de\/wp-content\/uploads\/2017\/06\/line.png\" \/><\/h3>\n<h3 style=\"text-align: center;\">January till March<\/h3>\n<p>&nbsp;<\/p>\n<p style=\"text-align: center;\">Jazz hat seine Zuchtzulassung mit bravour bestanden<\/p>\n<p style=\"text-align: center;\"><img decoding=\"async\" loading=\"lazy\" class=\"alignnone size-full wp-image-2006\" src=\"https:\/\/la-montez.de\/wp-content\/uploads\/2022\/03\/Jazz20M6.jpg\" alt=\"\" width=\"800\" height=\"654\" srcset=\"https:\/\/la-montez.de\/wp-content\/uploads\/2022\/03\/Jazz20M6.jpg 800w, https:\/\/la-montez.de\/wp-content\/uploads\/2022\/03\/Jazz20M6-300x245.jpg 300w, https:\/\/la-montez.de\/wp-content\/uploads\/2022\/03\/Jazz20M6-768x628.jpg 768w, https:\/\/la-montez.de\/wp-content\/uploads\/2022\/03\/Jazz20M6-15x12.jpg 15w\" sizes=\"(max-width: 800px) 100vw, 800px\" \/><\/p>\n<h3><img decoding=\"async\" class=\"aligncenter\" style=\"font-size: 16px;\" src=\"http:\/\/la-montez-papillons.de\/de\/wp-content\/uploads\/2017\/06\/line.png\" \/><\/h3>\n<p style=\"text-align: center;\">7 Monate die zwei h\u00fcbschen Kenai aka Pepino und Kainalou aka Kalou<\/p>\n<div id='gallery-19' class='gallery galleryid-1940 gallery-columns-2 gallery-size-full'><figure class='gallery-item'>\n\t\t\t<div class='gallery-icon landscape'>\n\t\t\t\t<a href='https:\/\/la-montez.de\/wp-content\/uploads\/2022\/03\/Kenai8Monate.jpg' rel=\"lightbox[gallery-0]\"><img width=\"800\" height=\"624\" src=\"https:\/\/la-montez.de\/wp-content\/uploads\/2022\/03\/Kenai8Monate.jpg\" class=\"attachment-full size-full\" alt=\"\" decoding=\"async\" loading=\"lazy\" srcset=\"https:\/\/la-montez.de\/wp-content\/uploads\/2022\/03\/Kenai8Monate.jpg 800w, https:\/\/la-montez.de\/wp-content\/uploads\/2022\/03\/Kenai8Monate-300x234.jpg 300w, https:\/\/la-montez.de\/wp-content\/uploads\/2022\/03\/Kenai8Monate-768x599.jpg 768w, https:\/\/la-montez.de\/wp-content\/uploads\/2022\/03\/Kenai8Monate-15x12.jpg 15w\" sizes=\"(max-width: 800px) 100vw, 800px\" \/><\/a>\n\t\t\t<\/div><\/figure><figure class='gallery-item'>\n\t\t\t<div class='gallery-icon landscape'>\n\t\t\t\t<a href='https:\/\/la-montez.de\/wp-content\/uploads\/2022\/03\/Kenai8Monate1.jpg' rel=\"lightbox[gallery-0]\"><img width=\"800\" height=\"513\" src=\"https:\/\/la-montez.de\/wp-content\/uploads\/2022\/03\/Kenai8Monate1.jpg\" class=\"attachment-full size-full\" alt=\"\" decoding=\"async\" loading=\"lazy\" srcset=\"https:\/\/la-montez.de\/wp-content\/uploads\/2022\/03\/Kenai8Monate1.jpg 800w, https:\/\/la-montez.de\/wp-content\/uploads\/2022\/03\/Kenai8Monate1-300x192.jpg 300w, https:\/\/la-montez.de\/wp-content\/uploads\/2022\/03\/Kenai8Monate1-768x492.jpg 768w, https:\/\/la-montez.de\/wp-content\/uploads\/2022\/03\/Kenai8Monate1-18x12.jpg 18w\" sizes=\"(max-width: 800px) 100vw, 800px\" \/><\/a>\n\t\t\t<\/div><\/figure><figure class='gallery-item'>\n\t\t\t<div class='gallery-icon landscape'>\n\t\t\t\t<a href='https:\/\/la-montez.de\/wp-content\/uploads\/2022\/03\/Kainalu8Monate2.jpg' rel=\"lightbox[gallery-0]\"><img width=\"800\" height=\"618\" src=\"https:\/\/la-montez.de\/wp-content\/uploads\/2022\/03\/Kainalu8Monate2.jpg\" class=\"attachment-full size-full\" alt=\"\" decoding=\"async\" loading=\"lazy\" srcset=\"https:\/\/la-montez.de\/wp-content\/uploads\/2022\/03\/Kainalu8Monate2.jpg 800w, https:\/\/la-montez.de\/wp-content\/uploads\/2022\/03\/Kainalu8Monate2-300x232.jpg 300w, https:\/\/la-montez.de\/wp-content\/uploads\/2022\/03\/Kainalu8Monate2-768x593.jpg 768w, https:\/\/la-montez.de\/wp-content\/uploads\/2022\/03\/Kainalu8Monate2-16x12.jpg 16w\" sizes=\"(max-width: 800px) 100vw, 800px\" \/><\/a>\n\t\t\t<\/div><\/figure><figure class='gallery-item'>\n\t\t\t<div class='gallery-icon landscape'>\n\t\t\t\t<a href='https:\/\/la-montez.de\/wp-content\/uploads\/2022\/03\/Kainalu8Monate.jpg' rel=\"lightbox[gallery-0]\"><img width=\"777\" height=\"618\" src=\"https:\/\/la-montez.de\/wp-content\/uploads\/2022\/03\/Kainalu8Monate.jpg\" class=\"attachment-full size-full\" alt=\"\" decoding=\"async\" loading=\"lazy\" srcset=\"https:\/\/la-montez.de\/wp-content\/uploads\/2022\/03\/Kainalu8Monate.jpg 777w, https:\/\/la-montez.de\/wp-content\/uploads\/2022\/03\/Kainalu8Monate-300x239.jpg 300w, https:\/\/la-montez.de\/wp-content\/uploads\/2022\/03\/Kainalu8Monate-768x611.jpg 768w, https:\/\/la-montez.de\/wp-content\/uploads\/2022\/03\/Kainalu8Monate-15x12.jpg 15w\" sizes=\"(max-width: 777px) 100vw, 777px\" \/><\/a>\n\t\t\t<\/div><\/figure>\n\t\t<\/div>\n\n<p>&nbsp;<\/p>\n<h3><img decoding=\"async\" class=\"aligncenter\" style=\"font-size: 16px;\" src=\"http:\/\/la-montez-papillons.de\/de\/wp-content\/uploads\/2017\/06\/line.png\" \/><\/h3>\n<p style=\"text-align: center;\">Ein paar sch\u00f6ne Bilder von Linos und Lazzaro beide sind super gl\u00fccklich in ihren Familien und umgekehrt.<\/p>\n<div id='gallery-20' class='gallery galleryid-1940 gallery-columns-2 gallery-size-full'><figure class='gallery-item'>\n\t\t\t<div class='gallery-icon portrait'>\n\t\t\t\t<a href='https:\/\/la-montez.de\/wp-content\/uploads\/2022\/03\/Linos5Monate.jpg' rel=\"lightbox[gallery-0]\"><img width=\"614\" height=\"700\" src=\"https:\/\/la-montez.de\/wp-content\/uploads\/2022\/03\/Linos5Monate.jpg\" class=\"attachment-full size-full\" alt=\"\" decoding=\"async\" loading=\"lazy\" srcset=\"https:\/\/la-montez.de\/wp-content\/uploads\/2022\/03\/Linos5Monate.jpg 614w, https:\/\/la-montez.de\/wp-content\/uploads\/2022\/03\/Linos5Monate-263x300.jpg 263w, https:\/\/la-montez.de\/wp-content\/uploads\/2022\/03\/Linos5Monate-11x12.jpg 11w\" sizes=\"(max-width: 614px) 100vw, 614px\" \/><\/a>\n\t\t\t<\/div><\/figure><figure class='gallery-item'>\n\t\t\t<div class='gallery-icon portrait'>\n\t\t\t\t<a href='https:\/\/la-montez.de\/wp-content\/uploads\/2022\/03\/Linos5Monate1.jpg' rel=\"lightbox[gallery-0]\"><img width=\"540\" height=\"700\" src=\"https:\/\/la-montez.de\/wp-content\/uploads\/2022\/03\/Linos5Monate1.jpg\" class=\"attachment-full size-full\" alt=\"\" decoding=\"async\" loading=\"lazy\" srcset=\"https:\/\/la-montez.de\/wp-content\/uploads\/2022\/03\/Linos5Monate1.jpg 540w, https:\/\/la-montez.de\/wp-content\/uploads\/2022\/03\/Linos5Monate1-231x300.jpg 231w, https:\/\/la-montez.de\/wp-content\/uploads\/2022\/03\/Linos5Monate1-9x12.jpg 9w\" sizes=\"(max-width: 540px) 100vw, 540px\" \/><\/a>\n\t\t\t<\/div><\/figure><figure class='gallery-item'>\n\t\t\t<div class='gallery-icon portrait'>\n\t\t\t\t<a href='https:\/\/la-montez.de\/wp-content\/uploads\/2022\/03\/Lazzaro4Monate.jpg' rel=\"lightbox[gallery-0]\"><img width=\"532\" height=\"700\" src=\"https:\/\/la-montez.de\/wp-content\/uploads\/2022\/03\/Lazzaro4Monate.jpg\" class=\"attachment-full size-full\" alt=\"\" decoding=\"async\" loading=\"lazy\" srcset=\"https:\/\/la-montez.de\/wp-content\/uploads\/2022\/03\/Lazzaro4Monate.jpg 532w, https:\/\/la-montez.de\/wp-content\/uploads\/2022\/03\/Lazzaro4Monate-228x300.jpg 228w, https:\/\/la-montez.de\/wp-content\/uploads\/2022\/03\/Lazzaro4Monate-9x12.jpg 9w\" sizes=\"(max-width: 532px) 100vw, 532px\" \/><\/a>\n\t\t\t<\/div><\/figure><figure class='gallery-item'>\n\t\t\t<div class='gallery-icon portrait'>\n\t\t\t\t<a href='https:\/\/la-montez.de\/wp-content\/uploads\/2022\/03\/Lazzaro4Monate2.jpg' rel=\"lightbox[gallery-0]\"><img width=\"560\" height=\"700\" src=\"https:\/\/la-montez.de\/wp-content\/uploads\/2022\/03\/Lazzaro4Monate2.jpg\" class=\"attachment-full size-full\" alt=\"\" decoding=\"async\" loading=\"lazy\" srcset=\"https:\/\/la-montez.de\/wp-content\/uploads\/2022\/03\/Lazzaro4Monate2.jpg 560w, https:\/\/la-montez.de\/wp-content\/uploads\/2022\/03\/Lazzaro4Monate2-240x300.jpg 240w, https:\/\/la-montez.de\/wp-content\/uploads\/2022\/03\/Lazzaro4Monate2-10x12.jpg 10w\" sizes=\"(max-width: 560px) 100vw, 560px\" \/><\/a>\n\t\t\t<\/div><\/figure>\n\t\t<\/div>\n\n<p>&nbsp;<\/p>\n<h3><img decoding=\"async\" class=\"aligncenter\" style=\"font-size: 16px;\" src=\"http:\/\/la-montez-papillons.de\/de\/wp-content\/uploads\/2017\/06\/line.png\" \/><\/h3>\n<p style=\"text-align: center;\">Meine zwei M\u00e4dels, Kiala de La Montez und Luana de La Montez haben jetzt ihr eigene Seite,<\/p>\n<p style=\"text-align: center;\">ich hoffe sehr das sie sich weiter gut Entwickeln und sp\u00e4ter meine Zucht bereichern.<\/p>\n<div id='gallery-21' class='gallery galleryid-1940 gallery-columns-2 gallery-size-full'><figure class='gallery-item'>\n\t\t\t<div class='gallery-icon landscape'>\n\t\t\t\t<a href='https:\/\/la-montez.de\/wp-content\/uploads\/2022\/03\/Kiala7Monate.4.jpg' rel=\"lightbox[gallery-0]\"><img width=\"780\" height=\"700\" src=\"https:\/\/la-montez.de\/wp-content\/uploads\/2022\/03\/Kiala7Monate.4.jpg\" class=\"attachment-full size-full\" alt=\"\" decoding=\"async\" loading=\"lazy\" srcset=\"https:\/\/la-montez.de\/wp-content\/uploads\/2022\/03\/Kiala7Monate.4.jpg 780w, https:\/\/la-montez.de\/wp-content\/uploads\/2022\/03\/Kiala7Monate.4-300x269.jpg 300w, https:\/\/la-montez.de\/wp-content\/uploads\/2022\/03\/Kiala7Monate.4-768x689.jpg 768w, https:\/\/la-montez.de\/wp-content\/uploads\/2022\/03\/Kiala7Monate.4-13x12.jpg 13w\" sizes=\"(max-width: 780px) 100vw, 780px\" \/><\/a>\n\t\t\t<\/div><\/figure><figure class='gallery-item'>\n\t\t\t<div class='gallery-icon landscape'>\n\t\t\t\t<a href='https:\/\/la-montez.de\/wp-content\/uploads\/2022\/03\/Luana5Monate.4.jpg' rel=\"lightbox[gallery-0]\"><img width=\"758\" height=\"700\" src=\"https:\/\/la-montez.de\/wp-content\/uploads\/2022\/03\/Luana5Monate.4.jpg\" class=\"attachment-full size-full\" alt=\"\" decoding=\"async\" loading=\"lazy\" srcset=\"https:\/\/la-montez.de\/wp-content\/uploads\/2022\/03\/Luana5Monate.4.jpg 758w, https:\/\/la-montez.de\/wp-content\/uploads\/2022\/03\/Luana5Monate.4-300x277.jpg 300w, https:\/\/la-montez.de\/wp-content\/uploads\/2022\/03\/Luana5Monate.4-13x12.jpg 13w\" sizes=\"(max-width: 758px) 100vw, 758px\" \/><\/a>\n\t\t\t<\/div><\/figure>\n\t\t<\/div>\n\n<p>&nbsp;<\/p>\n<h3><img decoding=\"async\" class=\"aligncenter\" style=\"font-size: 16px;\" src=\"http:\/\/la-montez-papillons.de\/de\/wp-content\/uploads\/2017\/06\/line.png\" \/><\/h3>\n<p>&nbsp;<\/p>\n<p style=\"text-align: center;\"><em>Frohes Neues Jahr an alle!<\/em><\/p>\n<p style=\"text-align: center;\">Meine zwei Buben aus unserem L Wurf suchen ab sofort ein Zuhause. Mehr Informationen auf der Verkaufsseite.<\/p>\n<div id='gallery-22' class='gallery galleryid-1940 gallery-columns-2 gallery-size-full'><figure class='gallery-item'>\n\t\t\t<div class='gallery-icon landscape'>\n\t\t\t\t<a href='https:\/\/la-montez.de\/wp-content\/uploads\/2022\/01\/Lazzaro11.1Woche.jpg' rel=\"lightbox[gallery-0]\"><img width=\"800\" height=\"552\" src=\"https:\/\/la-montez.de\/wp-content\/uploads\/2022\/01\/Lazzaro11.1Woche.jpg\" class=\"attachment-full size-full\" alt=\"\" decoding=\"async\" loading=\"lazy\" srcset=\"https:\/\/la-montez.de\/wp-content\/uploads\/2022\/01\/Lazzaro11.1Woche.jpg 800w, https:\/\/la-montez.de\/wp-content\/uploads\/2022\/01\/Lazzaro11.1Woche-300x207.jpg 300w, https:\/\/la-montez.de\/wp-content\/uploads\/2022\/01\/Lazzaro11.1Woche-768x530.jpg 768w, https:\/\/la-montez.de\/wp-content\/uploads\/2022\/01\/Lazzaro11.1Woche-18x12.jpg 18w\" sizes=\"(max-width: 800px) 100vw, 800px\" \/><\/a>\n\t\t\t<\/div><\/figure><figure class='gallery-item'>\n\t\t\t<div class='gallery-icon landscape'>\n\t\t\t\t<a href='https:\/\/la-montez.de\/wp-content\/uploads\/2022\/01\/Linos11Wochen.jpg' rel=\"lightbox[gallery-0]\"><img width=\"800\" height=\"680\" src=\"https:\/\/la-montez.de\/wp-content\/uploads\/2022\/01\/Linos11Wochen.jpg\" class=\"attachment-full size-full\" alt=\"\" decoding=\"async\" loading=\"lazy\" srcset=\"https:\/\/la-montez.de\/wp-content\/uploads\/2022\/01\/Linos11Wochen.jpg 800w, https:\/\/la-montez.de\/wp-content\/uploads\/2022\/01\/Linos11Wochen-300x255.jpg 300w, https:\/\/la-montez.de\/wp-content\/uploads\/2022\/01\/Linos11Wochen-768x653.jpg 768w, https:\/\/la-montez.de\/wp-content\/uploads\/2022\/01\/Linos11Wochen-14x12.jpg 14w\" sizes=\"(max-width: 800px) 100vw, 800px\" \/><\/a>\n\t\t\t<\/div><\/figure>\n\t\t<\/div>\n\n<h3><\/h3>","protected":false},"excerpt":{"rendered":"<p>September bis Dezember Wir w\u00fcnschen allen frohe Weihnachten und eine Guten Rutsch!! Bis im n\u00e4chsten JAHR! Mit etwas Gl\u00fcck erwarten wir im Fr\u00fchjahr unseren M- Wurf. Mehr Informationen dazu auf unserer Welpen Seite CaCib Karlsruhe mit alten Bekannten, es war toll nach so vielen Jahren wieder einmal von Herrn Heim gerichtet zu werden. Luana de &#8230; <a title=\"2022\" class=\"read-more\" href=\"https:\/\/la-montez.de\/en\/2022-2\/\" aria-label=\"More on 2022\">Read more<\/a><\/p>","protected":false},"author":1,"featured_media":0,"parent":0,"menu_order":0,"comment_status":"closed","ping_status":"closed","template":"","meta":{"_custom_body_class":"","_custom_post_class":""},"_links":{"self":[{"href":"https:\/\/la-montez.de\/en\/wp-json\/wp\/v2\/pages\/1940"}],"collection":[{"href":"https:\/\/la-montez.de\/en\/wp-json\/wp\/v2\/pages"}],"about":[{"href":"https:\/\/la-montez.de\/en\/wp-json\/wp\/v2\/types\/page"}],"author":[{"embeddable":true,"href":"https:\/\/la-montez.de\/en\/wp-json\/wp\/v2\/users\/1"}],"replies":[{"embeddable":true,"href":"https:\/\/la-montez.de\/en\/wp-json\/wp\/v2\/comments?post=1940"}],"version-history":[{"count":2,"href":"https:\/\/la-montez.de\/en\/wp-json\/wp\/v2\/pages\/1940\/revisions"}],"predecessor-version":[{"id":2121,"href":"https:\/\/la-montez.de\/en\/wp-json\/wp\/v2\/pages\/1940\/revisions\/2121"}],"wp:attachment":[{"href":"https:\/\/la-montez.de\/en\/wp-json\/wp\/v2\/media?parent=1940"}],"curies":[{"name":"wp","href":"https:\/\/api.w.org\/{rel}","templated":true}]}}