{"id":2304,"date":"2024-05-10T20:38:38","date_gmt":"2024-05-10T18:38:38","guid":{"rendered":"https:\/\/la-montez.de\/?page_id=2304"},"modified":"2024-05-10T20:38:38","modified_gmt":"2024-05-10T18:38:38","slug":"2023-2","status":"publish","type":"page","link":"https:\/\/la-montez.de\/en\/2023-2\/","title":{"rendered":"2023"},"content":{"rendered":"<h3><\/h3>\n<h3 style=\"text-align: center;\">September bis Dezember<\/h3>\n<h3><img decoding=\"async\" src=\"http:\/\/la-montez-papillons.de\/de\/wp-content\/uploads\/2017\/06\/line.png\" \/><\/h3>\n<p style=\"text-align: center;\"><strong><em>I\u00b4m sorry, there will be not many news next time, because I do a retraining. <\/em><\/strong><\/p>\n<p style=\"text-align: center;\"><strong><em>So I will have not much time.<\/em><\/strong><\/p>\n<p>&nbsp;<\/p>\n<p style=\"text-align: center;\"><strong><em>I wish all of you a merry christmas and a good slip into the new year!<\/em><\/strong><\/p>\n<h3><img decoding=\"async\" src=\"http:\/\/la-montez-papillons.de\/de\/wp-content\/uploads\/2017\/06\/line.png\" \/><\/h3>\n<p style=\"text-align: center;\">Linos and his girlfriend wish all of you merry christmas.<\/p>\n<p style=\"text-align: center;\"><img decoding=\"async\" loading=\"lazy\" class=\"alignnone wp-image-2297\" src=\"https:\/\/la-montez.de\/wp-content\/uploads\/2023\/12\/LinosDez23.jpg\" alt=\"\" width=\"632\" height=\"443\" srcset=\"https:\/\/la-montez.de\/wp-content\/uploads\/2023\/12\/LinosDez23.jpg 1252w, https:\/\/la-montez.de\/wp-content\/uploads\/2023\/12\/LinosDez23-300x210.jpg 300w, https:\/\/la-montez.de\/wp-content\/uploads\/2023\/12\/LinosDez23-800x561.jpg 800w, https:\/\/la-montez.de\/wp-content\/uploads\/2023\/12\/LinosDez23-768x539.jpg 768w, https:\/\/la-montez.de\/wp-content\/uploads\/2023\/12\/LinosDez23-18x12.jpg 18w\" sizes=\"(max-width: 632px) 100vw, 632px\" \/><\/p>\n<p>&nbsp;<\/p>\n<h3><img decoding=\"async\" src=\"http:\/\/la-montez-papillons.de\/de\/wp-content\/uploads\/2017\/06\/line.png\" \/><\/h3>\n<p>&nbsp;<\/p>\n<p style=\"text-align: center;\">Haron has fun in the snow<\/p>\n<p style=\"text-align: center;\"><img decoding=\"async\" loading=\"lazy\" class=\"alignnone wp-image-2290\" src=\"https:\/\/la-montez.de\/wp-content\/uploads\/2023\/12\/HaronWinter23.jpg\" alt=\"\" width=\"489\" height=\"518\" srcset=\"https:\/\/la-montez.de\/wp-content\/uploads\/2023\/12\/HaronWinter23.jpg 1224w, https:\/\/la-montez.de\/wp-content\/uploads\/2023\/12\/HaronWinter23-283x300.jpg 283w, https:\/\/la-montez.de\/wp-content\/uploads\/2023\/12\/HaronWinter23-661x700.jpg 661w, https:\/\/la-montez.de\/wp-content\/uploads\/2023\/12\/HaronWinter23-768x813.jpg 768w, https:\/\/la-montez.de\/wp-content\/uploads\/2023\/12\/HaronWinter23-11x12.jpg 11w\" sizes=\"(max-width: 489px) 100vw, 489px\" \/><\/p>\n<p>&nbsp;<\/p>\n<h3><img decoding=\"async\" src=\"http:\/\/la-montez-papillons.de\/de\/wp-content\/uploads\/2017\/06\/line.png\" \/><\/h3>\n<p style=\"text-align: center;\">We were at the double CaCib Karlsruhe, my love Luana de La Montez won both day\u00b4s CaCib and best of breed.<\/p>\n<p style=\"text-align: center;\">Papirunner\u00b4s Va Va Voom aka Genie got CaCib and both days V1 and CAC. Jazz won both days CaCib and best oposite,<\/p>\n<p style=\"text-align: center;\">and finised his german Champion.<\/p>\n<p style=\"text-align: center;\"><img decoding=\"async\" loading=\"lazy\" class=\"alignnone wp-image-2289\" src=\"https:\/\/la-montez.de\/wp-content\/uploads\/2023\/12\/CaCibKarlsruhe2023.jpg\" alt=\"\" width=\"715\" height=\"487\" srcset=\"https:\/\/la-montez.de\/wp-content\/uploads\/2023\/12\/CaCibKarlsruhe2023.jpg 1400w, https:\/\/la-montez.de\/wp-content\/uploads\/2023\/12\/CaCibKarlsruhe2023-300x204.jpg 300w, https:\/\/la-montez.de\/wp-content\/uploads\/2023\/12\/CaCibKarlsruhe2023-800x545.jpg 800w, https:\/\/la-montez.de\/wp-content\/uploads\/2023\/12\/CaCibKarlsruhe2023-768x523.jpg 768w, https:\/\/la-montez.de\/wp-content\/uploads\/2023\/12\/CaCibKarlsruhe2023-18x12.jpg 18w\" sizes=\"(max-width: 715px) 100vw, 715px\" \/><\/p>\n<p>&nbsp;<\/p>\n<h3><img decoding=\"async\" src=\"http:\/\/la-montez-papillons.de\/de\/wp-content\/uploads\/2017\/06\/line.png\" \/><\/h3>\n<h3 style=\"text-align: center;\">May till August<\/h3>\n<h3><img decoding=\"async\" src=\"http:\/\/la-montez-papillons.de\/de\/wp-content\/uploads\/2017\/06\/line.png\" \/><\/h3>\n<p style=\"text-align: center;\">Myron at his first holliday<\/p>\n<div id='gallery-1' class='gallery galleryid-2304 gallery-columns-3 gallery-size-full'><figure class='gallery-item'>\n\t\t\t<div class='gallery-icon landscape'>\n\t\t\t\t<a href='https:\/\/la-montez.de\/wp-content\/uploads\/2023\/12\/MyronUrlaub1.23-e1703181781858.jpg' rel=\"lightbox[gallery-0]\"><img width=\"1416\" height=\"1200\" src=\"https:\/\/la-montez.de\/wp-content\/uploads\/2023\/12\/MyronUrlaub1.23-e1703181781858.jpg\" class=\"attachment-full size-full\" alt=\"\" decoding=\"async\" loading=\"lazy\" srcset=\"https:\/\/la-montez.de\/wp-content\/uploads\/2023\/12\/MyronUrlaub1.23-e1703181781858.jpg 1416w, https:\/\/la-montez.de\/wp-content\/uploads\/2023\/12\/MyronUrlaub1.23-e1703181781858-300x254.jpg 300w, https:\/\/la-montez.de\/wp-content\/uploads\/2023\/12\/MyronUrlaub1.23-e1703181781858-800x678.jpg 800w, https:\/\/la-montez.de\/wp-content\/uploads\/2023\/12\/MyronUrlaub1.23-e1703181781858-768x651.jpg 768w, https:\/\/la-montez.de\/wp-content\/uploads\/2023\/12\/MyronUrlaub1.23-e1703181781858-14x12.jpg 14w\" sizes=\"(max-width: 1416px) 100vw, 1416px\" \/><\/a>\n\t\t\t<\/div><\/figure><figure class='gallery-item'>\n\t\t\t<div class='gallery-icon landscape'>\n\t\t\t\t<a href='https:\/\/la-montez.de\/wp-content\/uploads\/2023\/12\/MyronUrlaub2.23-e1703181695312.jpg' rel=\"lightbox[gallery-0]\"><img width=\"1200\" height=\"1164\" src=\"https:\/\/la-montez.de\/wp-content\/uploads\/2023\/12\/MyronUrlaub2.23-e1703181695312.jpg\" class=\"attachment-full size-full\" alt=\"\" decoding=\"async\" loading=\"lazy\" srcset=\"https:\/\/la-montez.de\/wp-content\/uploads\/2023\/12\/MyronUrlaub2.23-e1703181695312.jpg 1200w, https:\/\/la-montez.de\/wp-content\/uploads\/2023\/12\/MyronUrlaub2.23-e1703181695312-300x291.jpg 300w, https:\/\/la-montez.de\/wp-content\/uploads\/2023\/12\/MyronUrlaub2.23-e1703181695312-722x700.jpg 722w, https:\/\/la-montez.de\/wp-content\/uploads\/2023\/12\/MyronUrlaub2.23-e1703181695312-768x745.jpg 768w, https:\/\/la-montez.de\/wp-content\/uploads\/2023\/12\/MyronUrlaub2.23-e1703181695312-12x12.jpg 12w\" sizes=\"(max-width: 1200px) 100vw, 1200px\" \/><\/a>\n\t\t\t<\/div><\/figure><figure class='gallery-item'>\n\t\t\t<div class='gallery-icon portrait'>\n\t\t\t\t<a href='https:\/\/la-montez.de\/wp-content\/uploads\/2023\/12\/MyronUrlaub23-e1703181746737.jpg' rel=\"lightbox[gallery-0]\"><img width=\"1094\" height=\"1168\" src=\"https:\/\/la-montez.de\/wp-content\/uploads\/2023\/12\/MyronUrlaub23-e1703181746737.jpg\" class=\"attachment-full size-full\" alt=\"\" decoding=\"async\" loading=\"lazy\" srcset=\"https:\/\/la-montez.de\/wp-content\/uploads\/2023\/12\/MyronUrlaub23-e1703181746737.jpg 1094w, https:\/\/la-montez.de\/wp-content\/uploads\/2023\/12\/MyronUrlaub23-e1703181746737-281x300.jpg 281w, https:\/\/la-montez.de\/wp-content\/uploads\/2023\/12\/MyronUrlaub23-e1703181746737-656x700.jpg 656w, https:\/\/la-montez.de\/wp-content\/uploads\/2023\/12\/MyronUrlaub23-e1703181746737-768x820.jpg 768w, https:\/\/la-montez.de\/wp-content\/uploads\/2023\/12\/MyronUrlaub23-e1703181746737-11x12.jpg 11w\" sizes=\"(max-width: 1094px) 100vw, 1094px\" \/><\/a>\n\t\t\t<\/div><\/figure>\n\t\t<\/div>\n\n<p>&nbsp;<\/p>\n<h3><img decoding=\"async\" src=\"http:\/\/la-montez-papillons.de\/de\/wp-content\/uploads\/2017\/06\/line.png\" \/><\/h3>\n<p style=\"text-align: center;\">Also Jero aka Rocco was at holliday<\/p>\n<p style=\"text-align: center;\"><img decoding=\"async\" loading=\"lazy\" class=\"alignnone wp-image-2298\" src=\"https:\/\/la-montez.de\/wp-content\/uploads\/2023\/12\/Jero.Urlaub23.jpg\" alt=\"\" width=\"393\" height=\"494\" srcset=\"https:\/\/la-montez.de\/wp-content\/uploads\/2023\/12\/Jero.Urlaub23.jpg 463w, https:\/\/la-montez.de\/wp-content\/uploads\/2023\/12\/Jero.Urlaub23-239x300.jpg 239w, https:\/\/la-montez.de\/wp-content\/uploads\/2023\/12\/Jero.Urlaub23-10x12.jpg 10w\" sizes=\"(max-width: 393px) 100vw, 393px\" \/><\/p>\n<h3><img decoding=\"async\" src=\"http:\/\/la-montez-papillons.de\/de\/wp-content\/uploads\/2017\/06\/line.png\" \/><\/h3>\n<p style=\"text-align: center;\">Lazaro aka Gismo is on camping holiday<\/p>\n<p style=\"text-align: center;\"><img decoding=\"async\" loading=\"lazy\" class=\"alignnone wp-image-2295\" src=\"https:\/\/la-montez.de\/wp-content\/uploads\/2023\/12\/LazzaroUrlaub23.2-e1703182288887.jpg\" alt=\"\" width=\"279\" height=\"357\" srcset=\"https:\/\/la-montez.de\/wp-content\/uploads\/2023\/12\/LazzaroUrlaub23.2-e1703182288887.jpg 726w, https:\/\/la-montez.de\/wp-content\/uploads\/2023\/12\/LazzaroUrlaub23.2-e1703182288887-234x300.jpg 234w, https:\/\/la-montez.de\/wp-content\/uploads\/2023\/12\/LazzaroUrlaub23.2-e1703182288887-547x700.jpg 547w, https:\/\/la-montez.de\/wp-content\/uploads\/2023\/12\/LazzaroUrlaub23.2-e1703182288887-9x12.jpg 9w\" sizes=\"(max-width: 279px) 100vw, 279px\" \/> <img decoding=\"async\" loading=\"lazy\" class=\"alignnone wp-image-2294\" src=\"https:\/\/la-montez.de\/wp-content\/uploads\/2023\/12\/LazzaroUrlaub23.1.jpg\" alt=\"\" width=\"345\" height=\"355\" srcset=\"https:\/\/la-montez.de\/wp-content\/uploads\/2023\/12\/LazzaroUrlaub23.1.jpg 845w, https:\/\/la-montez.de\/wp-content\/uploads\/2023\/12\/LazzaroUrlaub23.1-292x300.jpg 292w, https:\/\/la-montez.de\/wp-content\/uploads\/2023\/12\/LazzaroUrlaub23.1-681x700.jpg 681w, https:\/\/la-montez.de\/wp-content\/uploads\/2023\/12\/LazzaroUrlaub23.1-768x789.jpg 768w, https:\/\/la-montez.de\/wp-content\/uploads\/2023\/12\/LazzaroUrlaub23.1-12x12.jpg 12w\" sizes=\"(max-width: 345px) 100vw, 345px\" \/><\/p>\n<p>&nbsp;<\/p>\n<h3><img decoding=\"async\" src=\"http:\/\/la-montez-papillons.de\/de\/wp-content\/uploads\/2017\/06\/line.png\" \/><\/h3>\n<p style=\"text-align: center;\">Malfoy and Myron are now 6 month now. So I decided that Myron will stay.<\/p>\n<p style=\"text-align: center;\">So Myron is looking for a new home.<\/p>\n<div id='gallery-2' class='gallery galleryid-2304 gallery-columns-2 gallery-size-full'><figure class='gallery-item'>\n\t\t\t<div class='gallery-icon landscape'>\n\t\t\t\t<a href='https:\/\/la-montez.de\/wp-content\/uploads\/2023\/08\/Malfoy5M.jpg' rel=\"lightbox[gallery-0]\"><img width=\"1200\" height=\"900\" src=\"https:\/\/la-montez.de\/wp-content\/uploads\/2023\/08\/Malfoy5M.jpg\" class=\"attachment-full size-full\" alt=\"\" decoding=\"async\" loading=\"lazy\" srcset=\"https:\/\/la-montez.de\/wp-content\/uploads\/2023\/08\/Malfoy5M.jpg 1200w, https:\/\/la-montez.de\/wp-content\/uploads\/2023\/08\/Malfoy5M-300x225.jpg 300w, https:\/\/la-montez.de\/wp-content\/uploads\/2023\/08\/Malfoy5M-800x600.jpg 800w, https:\/\/la-montez.de\/wp-content\/uploads\/2023\/08\/Malfoy5M-768x576.jpg 768w, https:\/\/la-montez.de\/wp-content\/uploads\/2023\/08\/Malfoy5M-16x12.jpg 16w\" sizes=\"(max-width: 1200px) 100vw, 1200px\" \/><\/a>\n\t\t\t<\/div><\/figure><figure class='gallery-item'>\n\t\t\t<div class='gallery-icon landscape'>\n\t\t\t\t<a href='https:\/\/la-montez.de\/wp-content\/uploads\/2023\/08\/Myron5M-e1692345711328.jpg' rel=\"lightbox[gallery-0]\"><img width=\"1607\" height=\"1205\" src=\"https:\/\/la-montez.de\/wp-content\/uploads\/2023\/08\/Myron5M-e1692345711328.jpg\" class=\"attachment-full size-full\" alt=\"\" decoding=\"async\" loading=\"lazy\" srcset=\"https:\/\/la-montez.de\/wp-content\/uploads\/2023\/08\/Myron5M-e1692345711328.jpg 1607w, https:\/\/la-montez.de\/wp-content\/uploads\/2023\/08\/Myron5M-e1692345711328-300x225.jpg 300w, https:\/\/la-montez.de\/wp-content\/uploads\/2023\/08\/Myron5M-e1692345711328-800x600.jpg 800w, https:\/\/la-montez.de\/wp-content\/uploads\/2023\/08\/Myron5M-e1692345711328-768x576.jpg 768w, https:\/\/la-montez.de\/wp-content\/uploads\/2023\/08\/Myron5M-e1692345711328-1536x1152.jpg 1536w, https:\/\/la-montez.de\/wp-content\/uploads\/2023\/08\/Myron5M-e1692345711328-16x12.jpg 16w\" sizes=\"(max-width: 1607px) 100vw, 1607px\" \/><\/a>\n\t\t\t<\/div><\/figure>\n\t\t<\/div>\n\n<h3><img decoding=\"async\" src=\"http:\/\/la-montez-papillons.de\/de\/wp-content\/uploads\/2017\/06\/line.png\" \/><\/h3>\n<p style=\"text-align: center;\">A lovely day at Nidda and two day\u00b4s at Club Show Neustadt an der Aisch, here the results.<\/p>\n<p style=\"text-align: center;\">At Nidda, Luana and Jazz won their class and Jazz  is now Club Champion.<\/p>\n<p style=\"text-align: center;\">Neustadt an der Aisch, was also successful.<\/p>\n<p style=\"text-align: center;\">At day 1 Luana won best of breed and Jazz best oposite, Genie won her class.<\/p>\n<p style=\"text-align: center;\">Next day Jazz got BOB and Genie best oposite, Luana won her class.<\/p>\n<div id='gallery-3' class='gallery galleryid-2304 gallery-columns-3 gallery-size-medium'><figure class='gallery-item'>\n\t\t\t<div class='gallery-icon portrait'>\n\t\t\t\t<a href='https:\/\/la-montez.de\/wp-content\/uploads\/2023\/08\/NeustadtAisch-e1692345315934.jpg' rel=\"lightbox[gallery-0]\"><img width=\"270\" height=\"300\" src=\"https:\/\/la-montez.de\/wp-content\/uploads\/2023\/08\/NeustadtAisch-e1692345315934-270x300.jpg\" class=\"attachment-medium size-medium\" alt=\"\" decoding=\"async\" loading=\"lazy\" srcset=\"https:\/\/la-montez.de\/wp-content\/uploads\/2023\/08\/NeustadtAisch-e1692345315934-270x300.jpg 270w, https:\/\/la-montez.de\/wp-content\/uploads\/2023\/08\/NeustadtAisch-e1692345315934-630x700.jpg 630w, https:\/\/la-montez.de\/wp-content\/uploads\/2023\/08\/NeustadtAisch-e1692345315934-11x12.jpg 11w, https:\/\/la-montez.de\/wp-content\/uploads\/2023\/08\/NeustadtAisch-e1692345315934.jpg 638w\" sizes=\"(max-width: 270px) 100vw, 270px\" \/><\/a>\n\t\t\t<\/div><\/figure><figure class='gallery-item'>\n\t\t\t<div class='gallery-icon portrait'>\n\t\t\t\t<a href='https:\/\/la-montez.de\/wp-content\/uploads\/2023\/08\/NeustadtAisch.1-e1692345289560.jpg' rel=\"lightbox[gallery-0]\"><img width=\"283\" height=\"300\" src=\"https:\/\/la-montez.de\/wp-content\/uploads\/2023\/08\/NeustadtAisch.1-e1692345289560-283x300.jpg\" class=\"attachment-medium size-medium\" alt=\"\" decoding=\"async\" loading=\"lazy\" srcset=\"https:\/\/la-montez.de\/wp-content\/uploads\/2023\/08\/NeustadtAisch.1-e1692345289560-283x300.jpg 283w, https:\/\/la-montez.de\/wp-content\/uploads\/2023\/08\/NeustadtAisch.1-e1692345289560-661x700.jpg 661w, https:\/\/la-montez.de\/wp-content\/uploads\/2023\/08\/NeustadtAisch.1-e1692345289560-768x813.jpg 768w, https:\/\/la-montez.de\/wp-content\/uploads\/2023\/08\/NeustadtAisch.1-e1692345289560-11x12.jpg 11w, https:\/\/la-montez.de\/wp-content\/uploads\/2023\/08\/NeustadtAisch.1-e1692345289560.jpg 1290w\" sizes=\"(max-width: 283px) 100vw, 283px\" \/><\/a>\n\t\t\t<\/div><\/figure><figure class='gallery-item'>\n\t\t\t<div class='gallery-icon landscape'>\n\t\t\t\t<a href='https:\/\/la-montez.de\/wp-content\/uploads\/2023\/08\/Jazz3J.jpg' rel=\"lightbox[gallery-0]\"><img width=\"300\" height=\"224\" src=\"https:\/\/la-montez.de\/wp-content\/uploads\/2023\/08\/Jazz3J-300x224.jpg\" class=\"attachment-medium size-medium\" alt=\"\" decoding=\"async\" loading=\"lazy\" srcset=\"https:\/\/la-montez.de\/wp-content\/uploads\/2023\/08\/Jazz3J-300x224.jpg 300w, https:\/\/la-montez.de\/wp-content\/uploads\/2023\/08\/Jazz3J-800x598.jpg 800w, https:\/\/la-montez.de\/wp-content\/uploads\/2023\/08\/Jazz3J-768x574.jpg 768w, https:\/\/la-montez.de\/wp-content\/uploads\/2023\/08\/Jazz3J-16x12.jpg 16w, https:\/\/la-montez.de\/wp-content\/uploads\/2023\/08\/Jazz3J.jpg 1345w\" sizes=\"(max-width: 300px) 100vw, 300px\" \/><\/a>\n\t\t\t<\/div><\/figure>\n\t\t<\/div>\n\n<h3><img decoding=\"async\" src=\"http:\/\/la-montez-papillons.de\/de\/wp-content\/uploads\/2017\/06\/line.png\" \/><\/h3>\n<p style=\"text-align: center;\">We protect now our Kennel name FCI and had to change it a little bit.<\/p>\n<p style=\"text-align: center;\"><strong>We are now the Kennel \"Lo La Montez\"<\/strong><\/p>\n<p><img decoding=\"async\" src=\"http:\/\/la-montez-papillons.de\/de\/wp-content\/uploads\/2017\/06\/line.png\" \/><\/p>\n<p style=\"text-align: center;\">Our little Madison aka M\u00e4xi is at his first holiday with his family. Thank you so much for the pics.<\/p>\n<div id='gallery-4' class='gallery galleryid-2304 gallery-columns-3 gallery-size-full'><figure class='gallery-item'>\n\t\t\t<div class='gallery-icon portrait'>\n\t\t\t\t<a href='https:\/\/la-montez.de\/wp-content\/uploads\/2023\/07\/Madison5M.1.jpg' rel=\"lightbox[gallery-0]\"><img width=\"525\" height=\"700\" src=\"https:\/\/la-montez.de\/wp-content\/uploads\/2023\/07\/Madison5M.1.jpg\" class=\"attachment-full size-full\" alt=\"\" decoding=\"async\" loading=\"lazy\" srcset=\"https:\/\/la-montez.de\/wp-content\/uploads\/2023\/07\/Madison5M.1.jpg 525w, https:\/\/la-montez.de\/wp-content\/uploads\/2023\/07\/Madison5M.1-225x300.jpg 225w, https:\/\/la-montez.de\/wp-content\/uploads\/2023\/07\/Madison5M.1-9x12.jpg 9w\" sizes=\"(max-width: 525px) 100vw, 525px\" \/><\/a>\n\t\t\t<\/div><\/figure><figure class='gallery-item'>\n\t\t\t<div class='gallery-icon portrait'>\n\t\t\t\t<a href='https:\/\/la-montez.de\/wp-content\/uploads\/2023\/07\/Madison5M.2.jpg' rel=\"lightbox[gallery-0]\"><img width=\"591\" height=\"700\" src=\"https:\/\/la-montez.de\/wp-content\/uploads\/2023\/07\/Madison5M.2.jpg\" class=\"attachment-full size-full\" alt=\"\" decoding=\"async\" loading=\"lazy\" srcset=\"https:\/\/la-montez.de\/wp-content\/uploads\/2023\/07\/Madison5M.2.jpg 591w, https:\/\/la-montez.de\/wp-content\/uploads\/2023\/07\/Madison5M.2-253x300.jpg 253w, https:\/\/la-montez.de\/wp-content\/uploads\/2023\/07\/Madison5M.2-10x12.jpg 10w\" sizes=\"(max-width: 591px) 100vw, 591px\" \/><\/a>\n\t\t\t<\/div><\/figure><figure class='gallery-item'>\n\t\t\t<div class='gallery-icon portrait'>\n\t\t\t\t<a href='https:\/\/la-montez.de\/wp-content\/uploads\/2023\/07\/Madison5M.jpg' rel=\"lightbox[gallery-0]\"><img width=\"525\" height=\"700\" src=\"https:\/\/la-montez.de\/wp-content\/uploads\/2023\/07\/Madison5M.jpg\" class=\"attachment-full size-full\" alt=\"\" decoding=\"async\" loading=\"lazy\" srcset=\"https:\/\/la-montez.de\/wp-content\/uploads\/2023\/07\/Madison5M.jpg 525w, https:\/\/la-montez.de\/wp-content\/uploads\/2023\/07\/Madison5M-225x300.jpg 225w, https:\/\/la-montez.de\/wp-content\/uploads\/2023\/07\/Madison5M-9x12.jpg 9w\" sizes=\"(max-width: 525px) 100vw, 525px\" \/><\/a>\n\t\t\t<\/div><\/figure>\n\t\t<\/div>\n\n<p><img decoding=\"async\" src=\"http:\/\/la-montez-papillons.de\/de\/wp-content\/uploads\/2017\/06\/line.png\" \/><\/p>\n<p style=\"text-align: center;\">Two pics who show the typical Papillon, who always stay close and is always ready for an adventure. Our Linos isn\u00b4t a exception.<\/p>\n<div id='gallery-5' class='gallery galleryid-2304 gallery-columns-2 gallery-size-full'><figure class='gallery-item'>\n\t\t\t<div class='gallery-icon landscape'>\n\t\t\t\t<a href='https:\/\/la-montez.de\/wp-content\/uploads\/2023\/07\/Linos17M.1.jpg' rel=\"lightbox[gallery-0]\"><img width=\"800\" height=\"510\" src=\"https:\/\/la-montez.de\/wp-content\/uploads\/2023\/07\/Linos17M.1.jpg\" class=\"attachment-full size-full\" alt=\"\" decoding=\"async\" loading=\"lazy\" srcset=\"https:\/\/la-montez.de\/wp-content\/uploads\/2023\/07\/Linos17M.1.jpg 800w, https:\/\/la-montez.de\/wp-content\/uploads\/2023\/07\/Linos17M.1-300x191.jpg 300w, https:\/\/la-montez.de\/wp-content\/uploads\/2023\/07\/Linos17M.1-768x490.jpg 768w, https:\/\/la-montez.de\/wp-content\/uploads\/2023\/07\/Linos17M.1-18x12.jpg 18w\" sizes=\"(max-width: 800px) 100vw, 800px\" \/><\/a>\n\t\t\t<\/div><\/figure><figure class='gallery-item'>\n\t\t\t<div class='gallery-icon landscape'>\n\t\t\t\t<a href='https:\/\/la-montez.de\/wp-content\/uploads\/2023\/07\/Linos17M-e1690470035887.jpg' rel=\"lightbox[gallery-0]\"><img width=\"549\" height=\"523\" src=\"https:\/\/la-montez.de\/wp-content\/uploads\/2023\/07\/Linos17M-e1690470035887.jpg\" class=\"attachment-full size-full\" alt=\"\" decoding=\"async\" loading=\"lazy\" srcset=\"https:\/\/la-montez.de\/wp-content\/uploads\/2023\/07\/Linos17M-e1690470035887.jpg 549w, https:\/\/la-montez.de\/wp-content\/uploads\/2023\/07\/Linos17M-e1690470035887-300x286.jpg 300w, https:\/\/la-montez.de\/wp-content\/uploads\/2023\/07\/Linos17M-e1690470035887-13x12.jpg 13w\" sizes=\"(max-width: 549px) 100vw, 549px\" \/><\/a>\n\t\t\t<\/div><\/figure>\n\t\t<\/div>\n\n<p><img decoding=\"async\" src=\"http:\/\/la-montez-papillons.de\/de\/wp-content\/uploads\/2017\/06\/line.png\" \/><\/p>\n<p style=\"text-align: center;\">Manni is sending us greetings from his favorite place, the ocean.<\/p>\n<div id='gallery-6' class='gallery galleryid-2304 gallery-columns-3 gallery-size-full'><figure class='gallery-item'>\n\t\t\t<div class='gallery-icon portrait'>\n\t\t\t\t<a href='https:\/\/la-montez.de\/wp-content\/uploads\/2023\/07\/Manni.1.Juli_.2023-e1690469728647.jpg' rel=\"lightbox[gallery-0]\"><img width=\"339\" height=\"573\" src=\"https:\/\/la-montez.de\/wp-content\/uploads\/2023\/07\/Manni.1.Juli_.2023-e1690469728647.jpg\" class=\"attachment-full size-full\" alt=\"\" decoding=\"async\" loading=\"lazy\" srcset=\"https:\/\/la-montez.de\/wp-content\/uploads\/2023\/07\/Manni.1.Juli_.2023-e1690469728647.jpg 339w, https:\/\/la-montez.de\/wp-content\/uploads\/2023\/07\/Manni.1.Juli_.2023-e1690469728647-177x300.jpg 177w, https:\/\/la-montez.de\/wp-content\/uploads\/2023\/07\/Manni.1.Juli_.2023-e1690469728647-7x12.jpg 7w\" sizes=\"(max-width: 339px) 100vw, 339px\" \/><\/a>\n\t\t\t<\/div><\/figure><figure class='gallery-item'>\n\t\t\t<div class='gallery-icon portrait'>\n\t\t\t\t<a href='https:\/\/la-montez.de\/wp-content\/uploads\/2023\/07\/Manni.Juli_.2023.jpg' rel=\"lightbox[gallery-0]\"><img width=\"465\" height=\"700\" src=\"https:\/\/la-montez.de\/wp-content\/uploads\/2023\/07\/Manni.Juli_.2023.jpg\" class=\"attachment-full size-full\" alt=\"\" decoding=\"async\" loading=\"lazy\" srcset=\"https:\/\/la-montez.de\/wp-content\/uploads\/2023\/07\/Manni.Juli_.2023.jpg 465w, https:\/\/la-montez.de\/wp-content\/uploads\/2023\/07\/Manni.Juli_.2023-199x300.jpg 199w, https:\/\/la-montez.de\/wp-content\/uploads\/2023\/07\/Manni.Juli_.2023-8x12.jpg 8w\" sizes=\"(max-width: 465px) 100vw, 465px\" \/><\/a>\n\t\t\t<\/div><\/figure><figure class='gallery-item'>\n\t\t\t<div class='gallery-icon portrait'>\n\t\t\t\t<a href='https:\/\/la-montez.de\/wp-content\/uploads\/2023\/07\/Manni.2.Juli_.2023-e1690469809808.jpg' rel=\"lightbox[gallery-0]\"><img width=\"375\" height=\"634\" src=\"https:\/\/la-montez.de\/wp-content\/uploads\/2023\/07\/Manni.2.Juli_.2023-e1690469809808.jpg\" class=\"attachment-full size-full\" alt=\"\" decoding=\"async\" loading=\"lazy\" srcset=\"https:\/\/la-montez.de\/wp-content\/uploads\/2023\/07\/Manni.2.Juli_.2023-e1690469809808.jpg 375w, https:\/\/la-montez.de\/wp-content\/uploads\/2023\/07\/Manni.2.Juli_.2023-e1690469809808-177x300.jpg 177w, https:\/\/la-montez.de\/wp-content\/uploads\/2023\/07\/Manni.2.Juli_.2023-e1690469809808-7x12.jpg 7w\" sizes=\"(max-width: 375px) 100vw, 375px\" \/><\/a>\n\t\t\t<\/div><\/figure>\n\t\t<\/div>\n\n<p><img decoding=\"async\" src=\"http:\/\/la-montez-papillons.de\/de\/wp-content\/uploads\/2017\/06\/line.png\" \/><\/p>\n<p>&nbsp;<\/p>\n<p style=\"text-align: center;\">small photoshooting with our Luana. The pics you can see at her page.<\/p>\n<p style=\"text-align: center;\"><img decoding=\"async\" loading=\"lazy\" class=\"alignnone wp-image-2206\" src=\"https:\/\/la-montez.de\/wp-content\/uploads\/2023\/06\/Luana20M.Kopf2_.jpg\" alt=\"\" width=\"451\" height=\"400\" srcset=\"https:\/\/la-montez.de\/wp-content\/uploads\/2023\/06\/Luana20M.Kopf2_.jpg 789w, https:\/\/la-montez.de\/wp-content\/uploads\/2023\/06\/Luana20M.Kopf2_-300x266.jpg 300w, https:\/\/la-montez.de\/wp-content\/uploads\/2023\/06\/Luana20M.Kopf2_-768x681.jpg 768w, https:\/\/la-montez.de\/wp-content\/uploads\/2023\/06\/Luana20M.Kopf2_-14x12.jpg 14w\" sizes=\"(max-width: 451px) 100vw, 451px\" \/><\/p>\n<h3><img decoding=\"async\" src=\"http:\/\/la-montez-papillons.de\/de\/wp-content\/uploads\/2017\/06\/line.png\" \/><\/h3>\n<p style=\"text-align: center;\">Our M\u00b4s are 12 weeks now and our Madison is still looking for his forever home.<\/p>\n<div id='gallery-7' class='gallery galleryid-2304 gallery-columns-3 gallery-size-full'><figure class='gallery-item'>\n\t\t\t<div class='gallery-icon landscape'>\n\t\t\t\t<a href='https:\/\/la-montez.de\/wp-content\/uploads\/2023\/05\/Madison12.4W.jpg' rel=\"lightbox[gallery-0]\"><img width=\"800\" height=\"634\" src=\"https:\/\/la-montez.de\/wp-content\/uploads\/2023\/05\/Madison12.4W.jpg\" class=\"attachment-full size-full\" alt=\"\" decoding=\"async\" loading=\"lazy\" srcset=\"https:\/\/la-montez.de\/wp-content\/uploads\/2023\/05\/Madison12.4W.jpg 800w, https:\/\/la-montez.de\/wp-content\/uploads\/2023\/05\/Madison12.4W-300x238.jpg 300w, https:\/\/la-montez.de\/wp-content\/uploads\/2023\/05\/Madison12.4W-768x609.jpg 768w, https:\/\/la-montez.de\/wp-content\/uploads\/2023\/05\/Madison12.4W-15x12.jpg 15w\" sizes=\"(max-width: 800px) 100vw, 800px\" \/><\/a>\n\t\t\t<\/div><\/figure><figure class='gallery-item'>\n\t\t\t<div class='gallery-icon landscape'>\n\t\t\t\t<a href='https:\/\/la-montez.de\/wp-content\/uploads\/2023\/05\/Malfoy12.2W.jpg' rel=\"lightbox[gallery-0]\"><img width=\"787\" height=\"700\" src=\"https:\/\/la-montez.de\/wp-content\/uploads\/2023\/05\/Malfoy12.2W.jpg\" class=\"attachment-full size-full\" alt=\"\" decoding=\"async\" loading=\"lazy\" srcset=\"https:\/\/la-montez.de\/wp-content\/uploads\/2023\/05\/Malfoy12.2W.jpg 787w, https:\/\/la-montez.de\/wp-content\/uploads\/2023\/05\/Malfoy12.2W-300x267.jpg 300w, https:\/\/la-montez.de\/wp-content\/uploads\/2023\/05\/Malfoy12.2W-768x683.jpg 768w, https:\/\/la-montez.de\/wp-content\/uploads\/2023\/05\/Malfoy12.2W-13x12.jpg 13w\" sizes=\"(max-width: 787px) 100vw, 787px\" \/><\/a>\n\t\t\t<\/div><\/figure><figure class='gallery-item'>\n\t\t\t<div class='gallery-icon landscape'>\n\t\t\t\t<a href='https:\/\/la-montez.de\/wp-content\/uploads\/2023\/05\/Myron12.1W.jpg' rel=\"lightbox[gallery-0]\"><img width=\"800\" height=\"697\" src=\"https:\/\/la-montez.de\/wp-content\/uploads\/2023\/05\/Myron12.1W.jpg\" class=\"attachment-full size-full\" alt=\"\" decoding=\"async\" loading=\"lazy\" srcset=\"https:\/\/la-montez.de\/wp-content\/uploads\/2023\/05\/Myron12.1W.jpg 800w, https:\/\/la-montez.de\/wp-content\/uploads\/2023\/05\/Myron12.1W-300x261.jpg 300w, https:\/\/la-montez.de\/wp-content\/uploads\/2023\/05\/Myron12.1W-768x669.jpg 768w, https:\/\/la-montez.de\/wp-content\/uploads\/2023\/05\/Myron12.1W-14x12.jpg 14w\" sizes=\"(max-width: 800px) 100vw, 800px\" \/><\/a>\n\t\t\t<\/div><\/figure>\n\t\t<\/div>\n\n<h3><img decoding=\"async\" src=\"http:\/\/la-montez-papillons.de\/de\/wp-content\/uploads\/2017\/06\/line.png\" \/><\/h3>\n<h3 style=\"text-align: center;\">January till April<\/h3>\n<h3><img decoding=\"async\" src=\"http:\/\/la-montez-papillons.de\/de\/wp-content\/uploads\/2017\/06\/line.png\" \/><\/h3>\n<p style=\"text-align: center;\">Ilana is looking for spring, soon it is here.<\/p>\n<p style=\"text-align: center;\"><img decoding=\"async\" loading=\"lazy\" class=\"alignnone wp-image-2146\" src=\"https:\/\/la-montez.de\/wp-content\/uploads\/2023\/03\/Ilana5J.jpg\" alt=\"\" width=\"494\" height=\"580\" srcset=\"https:\/\/la-montez.de\/wp-content\/uploads\/2023\/03\/Ilana5J.jpg 596w, https:\/\/la-montez.de\/wp-content\/uploads\/2023\/03\/Ilana5J-255x300.jpg 255w, https:\/\/la-montez.de\/wp-content\/uploads\/2023\/03\/Ilana5J-10x12.jpg 10w\" sizes=\"(max-width: 494px) 100vw, 494px\" \/><\/p>\n<p>&nbsp;<\/p>\n<h3><img decoding=\"async\" src=\"http:\/\/la-montez-papillons.de\/de\/wp-content\/uploads\/2017\/06\/line.png\" \/><\/h3>\n<p style=\"text-align: center;\">Hellau from Frankfurt say\u00b4s Josie and Contessa!!<\/p>\n<div id='gallery-8' class='gallery galleryid-2304 gallery-columns-2 gallery-size-full'><figure class='gallery-item'>\n\t\t\t<div class='gallery-icon portrait'>\n\t\t\t\t<a href='https:\/\/la-montez.de\/wp-content\/uploads\/2023\/03\/Fasching22.jpg' rel=\"lightbox[gallery-0]\"><img width=\"525\" height=\"700\" src=\"https:\/\/la-montez.de\/wp-content\/uploads\/2023\/03\/Fasching22.jpg\" class=\"attachment-full size-full\" alt=\"\" decoding=\"async\" loading=\"lazy\" srcset=\"https:\/\/la-montez.de\/wp-content\/uploads\/2023\/03\/Fasching22.jpg 525w, https:\/\/la-montez.de\/wp-content\/uploads\/2023\/03\/Fasching22-225x300.jpg 225w, https:\/\/la-montez.de\/wp-content\/uploads\/2023\/03\/Fasching22-9x12.jpg 9w\" sizes=\"(max-width: 525px) 100vw, 525px\" \/><\/a>\n\t\t\t<\/div><\/figure><figure class='gallery-item'>\n\t\t\t<div class='gallery-icon portrait'>\n\t\t\t\t<a href='https:\/\/la-montez.de\/wp-content\/uploads\/2023\/03\/Fasching22-1.jpg' rel=\"lightbox[gallery-0]\"><img width=\"525\" height=\"700\" src=\"https:\/\/la-montez.de\/wp-content\/uploads\/2023\/03\/Fasching22-1.jpg\" class=\"attachment-full size-full\" alt=\"\" decoding=\"async\" loading=\"lazy\" srcset=\"https:\/\/la-montez.de\/wp-content\/uploads\/2023\/03\/Fasching22-1.jpg 525w, https:\/\/la-montez.de\/wp-content\/uploads\/2023\/03\/Fasching22-1-225x300.jpg 225w, https:\/\/la-montez.de\/wp-content\/uploads\/2023\/03\/Fasching22-1-9x12.jpg 9w\" sizes=\"(max-width: 525px) 100vw, 525px\" \/><\/a>\n\t\t\t<\/div><\/figure>\n\t\t<\/div>\n\n<p>&nbsp;<\/p>\n<h3><img decoding=\"async\" src=\"http:\/\/la-montez-papillons.de\/de\/wp-content\/uploads\/2017\/06\/line.png\" \/><\/h3>\n<p>&nbsp;<\/p>\n<p style=\"text-align: center;\">Papirunner\u00b4s Va Va Voom aka Genie give birth to 3 strong boy\u00b4s on 17.02.<\/p>\n<div id='gallery-9' class='gallery galleryid-2304 gallery-columns-1 gallery-size-full'><figure class='gallery-item'>\n\t\t\t<div class='gallery-icon portrait'>\n\t\t\t\t<a href='https:\/\/la-montez.de\/wp-content\/uploads\/2023\/02\/Alle1Tag.jpg' rel=\"lightbox[gallery-0]\"><img width=\"673\" height=\"700\" src=\"https:\/\/la-montez.de\/wp-content\/uploads\/2023\/02\/Alle1Tag.jpg\" class=\"attachment-full size-full\" alt=\"\" decoding=\"async\" loading=\"lazy\" srcset=\"https:\/\/la-montez.de\/wp-content\/uploads\/2023\/02\/Alle1Tag.jpg 673w, https:\/\/la-montez.de\/wp-content\/uploads\/2023\/02\/Alle1Tag-288x300.jpg 288w, https:\/\/la-montez.de\/wp-content\/uploads\/2023\/02\/Alle1Tag-12x12.jpg 12w\" sizes=\"(max-width: 673px) 100vw, 673px\" \/><\/a>\n\t\t\t<\/div><\/figure>\n\t\t<\/div>\n\n<p style=\"text-align: center;\">More informations you will get at our Puppy site.<\/p>\n<h3><\/h3>","protected":false},"excerpt":{"rendered":"<p>September bis Dezember Es tut mir sehr leid, dass die Aktualisierungen sehr lange dauern aber durch meine Umschulung bleibt f\u00fcr PC Arbeit nicht viel Zeit \u00fcbrig. &nbsp; Ich w\u00fcnsche allen ein ruhiges Weihnachten und kommt alle gut ins Neue Jahr!! Linos und seine Freundin w\u00fcnschen eine frohe Weihnachtszeit &nbsp; &nbsp; Haron begr\u00fc\u00dft den ersten Schnee &#8230; <a title=\"2023\" class=\"read-more\" href=\"https:\/\/la-montez.de\/en\/2023-2\/\" aria-label=\"More on 2023\">Read more<\/a><\/p>","protected":false},"author":1,"featured_media":0,"parent":0,"menu_order":0,"comment_status":"closed","ping_status":"closed","template":"","meta":{"_custom_body_class":"","_custom_post_class":""},"_links":{"self":[{"href":"https:\/\/la-montez.de\/en\/wp-json\/wp\/v2\/pages\/2304"}],"collection":[{"href":"https:\/\/la-montez.de\/en\/wp-json\/wp\/v2\/pages"}],"about":[{"href":"https:\/\/la-montez.de\/en\/wp-json\/wp\/v2\/types\/page"}],"author":[{"embeddable":true,"href":"https:\/\/la-montez.de\/en\/wp-json\/wp\/v2\/users\/1"}],"replies":[{"embeddable":true,"href":"https:\/\/la-montez.de\/en\/wp-json\/wp\/v2\/comments?post=2304"}],"version-history":[{"count":2,"href":"https:\/\/la-montez.de\/en\/wp-json\/wp\/v2\/pages\/2304\/revisions"}],"predecessor-version":[{"id":2306,"href":"https:\/\/la-montez.de\/en\/wp-json\/wp\/v2\/pages\/2304\/revisions\/2306"}],"wp:attachment":[{"href":"https:\/\/la-montez.de\/en\/wp-json\/wp\/v2\/media?parent=2304"}],"curies":[{"name":"wp","href":"https:\/\/api.w.org\/{rel}","templated":true}]}}