{"id":2382,"date":"2025-04-23T09:32:59","date_gmt":"2025-04-23T07:32:59","guid":{"rendered":"https:\/\/la-montez.de\/?page_id=2382"},"modified":"2025-04-23T09:32:59","modified_gmt":"2025-04-23T07:32:59","slug":"2024-2","status":"publish","type":"page","link":"https:\/\/la-montez.de\/en\/2024-2\/","title":{"rendered":"2024"},"content":{"rendered":"<h3 style=\"text-align: center;\">Juni<\/h3>\n<h3><img decoding=\"async\" src=\"http:\/\/la-montez-papillons.de\/de\/wp-content\/uploads\/2017\/06\/line.png\" \/><\/h3>\n<p style=\"text-align: center;\">Es zerrei\u00dft einem das Herz.<\/p>\n<p style=\"text-align: center;\">Ich musste meinen kleinen Jungen beerdigen.<\/p>\n<p style=\"text-align: center;\">Dabei dachte ich, ich erm\u00f6gliche ihm ein sch\u00f6nes Leben.<\/p>\n<p style=\"text-align: center;\">Die t\u00e4glichen streitereien mit seinem Vater waren f\u00fcr alle stressig.<\/p>\n<p style=\"text-align: center;\">Nach langem suchen fand ich den passenden Pflegeplatz,<\/p>\n<p style=\"text-align: center;\">ich denke die 3 Tage die er dort verbracht hat war er gl\u00fccklich.<\/p>\n<p style=\"text-align: center;\">Das Ungl\u00fcck nahm am 2.07 seinen Lauf,<\/p>\n<p style=\"text-align: center;\">als Myrons Herrchen von einem Fahrradfahrer umgefahren wurde,<\/p>\n<p style=\"text-align: center;\">die Leine verlor und Myron panisch davon rannte.<\/p>\n<p style=\"text-align: center;\">Flyer, Suche, Futterstellen und Pettrailer haben nicht geholfen ihn wieder zu finden.<\/p>\n<p style=\"text-align: center;\">\u00a0 Es gab nur 3 Sichtungen in den 10 Tagen. Die 4te, war die seines toten kleinen K\u00f6rpers in den Gleisen.<\/p>\n<p style=\"text-align: center;\"><em>Er war alleine&#8230; ich war nicht bei ihm&#8230; eine Schuld die mich verfolgen wird&#8230; <\/em><\/p>\n<p style=\"text-align: center;\"><em>was w\u00e4re gewesen wenn&#8230;<\/em><\/p>\n<div id='gallery-1' class='gallery galleryid-2382 gallery-columns-2 gallery-size-full'><figure class='gallery-item'>\n\t\t\t<div class='gallery-icon landscape'>\n\t\t\t\t<a href='https:\/\/la-montez.de\/wp-content\/uploads\/2024\/07\/Myron15M.jpg' rel=\"lightbox[gallery-0]\"><img width=\"1600\" height=\"1200\" src=\"https:\/\/la-montez.de\/wp-content\/uploads\/2024\/07\/Myron15M.jpg\" class=\"attachment-full size-full\" alt=\"\" decoding=\"async\" loading=\"lazy\" srcset=\"https:\/\/la-montez.de\/wp-content\/uploads\/2024\/07\/Myron15M.jpg 1600w, https:\/\/la-montez.de\/wp-content\/uploads\/2024\/07\/Myron15M-300x225.jpg 300w, https:\/\/la-montez.de\/wp-content\/uploads\/2024\/07\/Myron15M-800x600.jpg 800w, https:\/\/la-montez.de\/wp-content\/uploads\/2024\/07\/Myron15M-768x576.jpg 768w, https:\/\/la-montez.de\/wp-content\/uploads\/2024\/07\/Myron15M-1536x1152.jpg 1536w, https:\/\/la-montez.de\/wp-content\/uploads\/2024\/07\/Myron15M-16x12.jpg 16w\" sizes=\"(max-width: 1600px) 100vw, 1600px\" \/><\/a>\n\t\t\t<\/div><\/figure><figure class='gallery-item'>\n\t\t\t<div class='gallery-icon landscape'>\n\t\t\t\t<a href='https:\/\/la-montez.de\/wp-content\/uploads\/2024\/07\/Myron15M.1-e1721331942144.jpg' rel=\"lightbox[gallery-0]\"><img width=\"1286\" height=\"1185\" src=\"https:\/\/la-montez.de\/wp-content\/uploads\/2024\/07\/Myron15M.1-e1721331942144.jpg\" class=\"attachment-full size-full\" alt=\"\" decoding=\"async\" loading=\"lazy\" srcset=\"https:\/\/la-montez.de\/wp-content\/uploads\/2024\/07\/Myron15M.1-e1721331942144.jpg 1286w, https:\/\/la-montez.de\/wp-content\/uploads\/2024\/07\/Myron15M.1-e1721331942144-300x276.jpg 300w, https:\/\/la-montez.de\/wp-content\/uploads\/2024\/07\/Myron15M.1-e1721331942144-760x700.jpg 760w, https:\/\/la-montez.de\/wp-content\/uploads\/2024\/07\/Myron15M.1-e1721331942144-768x708.jpg 768w, https:\/\/la-montez.de\/wp-content\/uploads\/2024\/07\/Myron15M.1-e1721331942144-13x12.jpg 13w\" sizes=\"(max-width: 1286px) 100vw, 1286px\" \/><\/a>\n\t\t\t<\/div><\/figure>\n\t\t<\/div>\n\n<p style=\"text-align: center;\">Das letzte Bild von Myon<\/p>\n<h3><img decoding=\"async\" src=\"http:\/\/la-montez-papillons.de\/de\/wp-content\/uploads\/2017\/06\/line.png\" \/><\/h3>\n<p style=\"text-align: center;\">Willkommen Papirunner\u00b4s Beauty For Lola Montez. Herzlichen Dank Julia Vogler f\u00fcr diesen Schatz.<\/p>\n<p style=\"text-align: center;\">Lola ist eine Urenkelin von Ginette de La Montez. Sie wird bald ihre eigene Seite hier bekommen.<\/p>\n<p style=\"text-align: center;\"><img decoding=\"async\" loading=\"lazy\" class=\"alignnone wp-image-2356\" src=\"https:\/\/la-montez.de\/wp-content\/uploads\/2024\/07\/Lola12W.3.jpg\" alt=\"\" width=\"607\" height=\"528\" srcset=\"https:\/\/la-montez.de\/wp-content\/uploads\/2024\/07\/Lola12W.3.jpg 1840w, https:\/\/la-montez.de\/wp-content\/uploads\/2024\/07\/Lola12W.3-300x261.jpg 300w, https:\/\/la-montez.de\/wp-content\/uploads\/2024\/07\/Lola12W.3-800x696.jpg 800w, https:\/\/la-montez.de\/wp-content\/uploads\/2024\/07\/Lola12W.3-768x668.jpg 768w, https:\/\/la-montez.de\/wp-content\/uploads\/2024\/07\/Lola12W.3-1536x1336.jpg 1536w, https:\/\/la-montez.de\/wp-content\/uploads\/2024\/07\/Lola12W.3-14x12.jpg 14w\" sizes=\"(max-width: 607px) 100vw, 607px\" \/><\/p>\n<h3><img decoding=\"async\" src=\"http:\/\/la-montez-papillons.de\/de\/wp-content\/uploads\/2017\/06\/line.png\" \/><\/h3>\n<h3 style=\"text-align: center;\">Januar bis Mai<\/h3>\n<h3><img decoding=\"async\" src=\"http:\/\/la-montez-papillons.de\/de\/wp-content\/uploads\/2017\/06\/line.png\" \/><\/h3>\n<p style=\"text-align: center;\">Malfoy war zu Besuch bei uns, sch\u00f6n das der kurze Stop hier geklappt hat.<\/p>\n<p style=\"text-align: center;\"><img decoding=\"async\" loading=\"lazy\" class=\"alignnone wp-image-2327\" src=\"https:\/\/la-montez.de\/wp-content\/uploads\/2024\/05\/IMG-20240507-WA0005.jpg\" alt=\"\" width=\"729\" height=\"410\" srcset=\"https:\/\/la-montez.de\/wp-content\/uploads\/2024\/05\/IMG-20240507-WA0005.jpg 2016w, https:\/\/la-montez.de\/wp-content\/uploads\/2024\/05\/IMG-20240507-WA0005-300x169.jpg 300w, https:\/\/la-montez.de\/wp-content\/uploads\/2024\/05\/IMG-20240507-WA0005-800x450.jpg 800w, https:\/\/la-montez.de\/wp-content\/uploads\/2024\/05\/IMG-20240507-WA0005-768x432.jpg 768w, https:\/\/la-montez.de\/wp-content\/uploads\/2024\/05\/IMG-20240507-WA0005-1536x864.jpg 1536w, https:\/\/la-montez.de\/wp-content\/uploads\/2024\/05\/IMG-20240507-WA0005-18x10.jpg 18w\" sizes=\"(max-width: 729px) 100vw, 729px\" \/><\/p>\n<h3><img decoding=\"async\" src=\"http:\/\/la-montez-papillons.de\/de\/wp-content\/uploads\/2017\/06\/line.png\" \/><\/h3>\n<p style=\"text-align: center;\">neue Bilder von unserem gro\u00dfen Buben Madison de La Montez aka Max<\/p>\n<h3 style=\"text-align: center;\"><img decoding=\"async\" loading=\"lazy\" class=\"alignnone wp-image-2325\" src=\"https:\/\/la-montez.de\/wp-content\/uploads\/2024\/05\/Madison1Jahr.1.jpg\" alt=\"\" width=\"337\" height=\"450\" srcset=\"https:\/\/la-montez.de\/wp-content\/uploads\/2024\/05\/Madison1Jahr.1.jpg 921w, https:\/\/la-montez.de\/wp-content\/uploads\/2024\/05\/Madison1Jahr.1-225x300.jpg 225w, https:\/\/la-montez.de\/wp-content\/uploads\/2024\/05\/Madison1Jahr.1-525x700.jpg 525w, https:\/\/la-montez.de\/wp-content\/uploads\/2024\/05\/Madison1Jahr.1-768x1024.jpg 768w, https:\/\/la-montez.de\/wp-content\/uploads\/2024\/05\/Madison1Jahr.1-9x12.jpg 9w\" sizes=\"(max-width: 337px) 100vw, 337px\" \/><img decoding=\"async\" loading=\"lazy\" class=\"alignnone wp-image-2326\" src=\"https:\/\/la-montez.de\/wp-content\/uploads\/2024\/05\/Madison1Jahr.2.jpg\" alt=\"\" width=\"402\" height=\"449\" srcset=\"https:\/\/la-montez.de\/wp-content\/uploads\/2024\/05\/Madison1Jahr.2.jpg 1022w, https:\/\/la-montez.de\/wp-content\/uploads\/2024\/05\/Madison1Jahr.2-269x300.jpg 269w, https:\/\/la-montez.de\/wp-content\/uploads\/2024\/05\/Madison1Jahr.2-627x700.jpg 627w, https:\/\/la-montez.de\/wp-content\/uploads\/2024\/05\/Madison1Jahr.2-768x857.jpg 768w, https:\/\/la-montez.de\/wp-content\/uploads\/2024\/05\/Madison1Jahr.2-11x12.jpg 11w\" sizes=\"(max-width: 402px) 100vw, 402px\" \/><\/h3>\n<h3><img decoding=\"async\" src=\"http:\/\/la-montez-papillons.de\/de\/wp-content\/uploads\/2017\/06\/line.png\" \/><\/h3>\n<p style=\"text-align: center;\">Unser Windh\u00fcndchen w\u00e4chst und gedeiht, ich denke sie wird dann auch mal im Ring gezeigt.<\/p>\n<p style=\"text-align: center;\">Junah mit 4 Monaten<\/p>\n<p style=\"text-align: center;\"><img decoding=\"async\" loading=\"lazy\" class=\"alignnone wp-image-2318\" src=\"https:\/\/la-montez.de\/wp-content\/uploads\/2024\/05\/Junah4M.3.jpg\" alt=\"\" width=\"629\" height=\"567\" srcset=\"https:\/\/la-montez.de\/wp-content\/uploads\/2024\/05\/Junah4M.3.jpg 1501w, https:\/\/la-montez.de\/wp-content\/uploads\/2024\/05\/Junah4M.3-300x270.jpg 300w, https:\/\/la-montez.de\/wp-content\/uploads\/2024\/05\/Junah4M.3-777x700.jpg 777w, https:\/\/la-montez.de\/wp-content\/uploads\/2024\/05\/Junah4M.3-768x692.jpg 768w, https:\/\/la-montez.de\/wp-content\/uploads\/2024\/05\/Junah4M.3-13x12.jpg 13w\" sizes=\"(max-width: 629px) 100vw, 629px\" \/><\/p>\n<h3><img decoding=\"async\" src=\"http:\/\/la-montez-papillons.de\/de\/wp-content\/uploads\/2017\/06\/line.png\" \/><\/h3>\n<p style=\"text-align: center;\">Unser J-Wurf\u00a0 ist 3 Jahr alt geworden! Happy birthday Juno, Jamiro und Jero<\/p>\n<div id='gallery-2' class='gallery galleryid-2382 gallery-columns-3 gallery-size-full'><figure class='gallery-item'>\n\t\t\t<div class='gallery-icon portrait'>\n\t\t\t\t<a href='https:\/\/la-montez.de\/wp-content\/uploads\/2024\/05\/Juno3Jahre-e1715368402850.jpg' rel=\"lightbox[gallery-0]\"><img width=\"972\" height=\"1237\" src=\"https:\/\/la-montez.de\/wp-content\/uploads\/2024\/05\/Juno3Jahre-e1715368402850.jpg\" class=\"attachment-full size-full\" alt=\"\" decoding=\"async\" loading=\"lazy\" srcset=\"https:\/\/la-montez.de\/wp-content\/uploads\/2024\/05\/Juno3Jahre-e1715368402850.jpg 972w, https:\/\/la-montez.de\/wp-content\/uploads\/2024\/05\/Juno3Jahre-e1715368402850-236x300.jpg 236w, https:\/\/la-montez.de\/wp-content\/uploads\/2024\/05\/Juno3Jahre-e1715368402850-550x700.jpg 550w, https:\/\/la-montez.de\/wp-content\/uploads\/2024\/05\/Juno3Jahre-e1715368402850-768x977.jpg 768w, https:\/\/la-montez.de\/wp-content\/uploads\/2024\/05\/Juno3Jahre-e1715368402850-9x12.jpg 9w\" sizes=\"(max-width: 972px) 100vw, 972px\" \/><\/a>\n\t\t\t<\/div><\/figure><figure class='gallery-item'>\n\t\t\t<div class='gallery-icon portrait'>\n\t\t\t\t<a href='https:\/\/la-montez.de\/wp-content\/uploads\/2024\/05\/Jamiro2Jahre-e1715368388783.jpg' rel=\"lightbox[gallery-0]\"><img width=\"920\" height=\"1178\" src=\"https:\/\/la-montez.de\/wp-content\/uploads\/2024\/05\/Jamiro2Jahre-e1715368388783.jpg\" class=\"attachment-full size-full\" alt=\"\" decoding=\"async\" loading=\"lazy\" srcset=\"https:\/\/la-montez.de\/wp-content\/uploads\/2024\/05\/Jamiro2Jahre-e1715368388783.jpg 920w, https:\/\/la-montez.de\/wp-content\/uploads\/2024\/05\/Jamiro2Jahre-e1715368388783-234x300.jpg 234w, https:\/\/la-montez.de\/wp-content\/uploads\/2024\/05\/Jamiro2Jahre-e1715368388783-547x700.jpg 547w, https:\/\/la-montez.de\/wp-content\/uploads\/2024\/05\/Jamiro2Jahre-e1715368388783-768x983.jpg 768w, https:\/\/la-montez.de\/wp-content\/uploads\/2024\/05\/Jamiro2Jahre-e1715368388783-9x12.jpg 9w\" sizes=\"(max-width: 920px) 100vw, 920px\" \/><\/a>\n\t\t\t<\/div><\/figure><figure class='gallery-item'>\n\t\t\t<div class='gallery-icon portrait'>\n\t\t\t\t<a href='https:\/\/la-montez.de\/wp-content\/uploads\/2023\/12\/Jero.Urlaub23.jpg' rel=\"lightbox[gallery-0]\"><img width=\"463\" height=\"582\" src=\"https:\/\/la-montez.de\/wp-content\/uploads\/2023\/12\/Jero.Urlaub23.jpg\" class=\"attachment-full size-full\" alt=\"\" decoding=\"async\" loading=\"lazy\" srcset=\"https:\/\/la-montez.de\/wp-content\/uploads\/2023\/12\/Jero.Urlaub23.jpg 463w, https:\/\/la-montez.de\/wp-content\/uploads\/2023\/12\/Jero.Urlaub23-239x300.jpg 239w, https:\/\/la-montez.de\/wp-content\/uploads\/2023\/12\/Jero.Urlaub23-10x12.jpg 10w\" sizes=\"(max-width: 463px) 100vw, 463px\" \/><\/a>\n\t\t\t<\/div><\/figure>\n\t\t<\/div>\n\n<h3><img decoding=\"async\" src=\"http:\/\/la-montez-papillons.de\/de\/wp-content\/uploads\/2017\/06\/line.png\" \/><\/h3>\n<p>&nbsp;<\/p>\n<p style=\"text-align: center;\">Kenai de La Montez aka Pepino im Urlaub in der Sonne &#8230;. so sch\u00f6n<\/p>\n<p style=\"text-align: center;\"><img decoding=\"async\" loading=\"lazy\" class=\"alignnone wp-image-2324\" src=\"https:\/\/la-montez.de\/wp-content\/uploads\/2024\/05\/Kenai2Jahre.jpg\" alt=\"\" width=\"403\" height=\"535\" srcset=\"https:\/\/la-montez.de\/wp-content\/uploads\/2024\/05\/Kenai2Jahre.jpg 1080w, https:\/\/la-montez.de\/wp-content\/uploads\/2024\/05\/Kenai2Jahre-226x300.jpg 226w, https:\/\/la-montez.de\/wp-content\/uploads\/2024\/05\/Kenai2Jahre-527x700.jpg 527w, https:\/\/la-montez.de\/wp-content\/uploads\/2024\/05\/Kenai2Jahre-768x1020.jpg 768w, https:\/\/la-montez.de\/wp-content\/uploads\/2024\/05\/Kenai2Jahre-9x12.jpg 9w\" sizes=\"(max-width: 403px) 100vw, 403px\" \/><img decoding=\"async\" loading=\"lazy\" class=\"alignnone wp-image-2323\" src=\"https:\/\/la-montez.de\/wp-content\/uploads\/2024\/05\/Kenai2Jahre.1.jpg\" alt=\"\" width=\"403\" height=\"535\" srcset=\"https:\/\/la-montez.de\/wp-content\/uploads\/2024\/05\/Kenai2Jahre.1.jpg 972w, https:\/\/la-montez.de\/wp-content\/uploads\/2024\/05\/Kenai2Jahre.1-226x300.jpg 226w, https:\/\/la-montez.de\/wp-content\/uploads\/2024\/05\/Kenai2Jahre.1-527x700.jpg 527w, https:\/\/la-montez.de\/wp-content\/uploads\/2024\/05\/Kenai2Jahre.1-768x1019.jpg 768w, https:\/\/la-montez.de\/wp-content\/uploads\/2024\/05\/Kenai2Jahre.1-9x12.jpg 9w\" sizes=\"(max-width: 403px) 100vw, 403px\" \/><\/p>\n<p>&nbsp;<\/p>\n<h3><img decoding=\"async\" src=\"http:\/\/la-montez-papillons.de\/de\/wp-content\/uploads\/2017\/06\/line.png\" \/><\/h3>\n<p style=\"text-align: center;\">Unser Myron de La Montez hat jetzt seine Zuchtzulassung, leider wird er nicht bei uns bleiben k\u00f6nnen.<\/p>\n<p style=\"text-align: center;\">Seine eigene Seite bekommt er trotzdem.<\/p>\n<p style=\"text-align: center;\"><img decoding=\"async\" loading=\"lazy\" class=\"alignnone wp-image-2313\" src=\"https:\/\/la-montez.de\/wp-content\/uploads\/2024\/05\/Myron12M.3.jpg\" alt=\"\" width=\"557\" height=\"458\" srcset=\"https:\/\/la-montez.de\/wp-content\/uploads\/2024\/05\/Myron12M.3.jpg 969w, https:\/\/la-montez.de\/wp-content\/uploads\/2024\/05\/Myron12M.3-300x246.jpg 300w, https:\/\/la-montez.de\/wp-content\/uploads\/2024\/05\/Myron12M.3-800x657.jpg 800w, https:\/\/la-montez.de\/wp-content\/uploads\/2024\/05\/Myron12M.3-768x631.jpg 768w, https:\/\/la-montez.de\/wp-content\/uploads\/2024\/05\/Myron12M.3-15x12.jpg 15w\" sizes=\"(max-width: 557px) 100vw, 557px\" \/><\/p>\n<h3><img decoding=\"async\" src=\"http:\/\/la-montez-papillons.de\/de\/wp-content\/uploads\/2017\/06\/line.png\" \/><\/h3>\n<p style=\"text-align: center;\">Ein neues Jahr ein Neues Gl\u00fcck, ein langer Traum ist in Erf\u00fcllung gegangen.<\/p>\n<p style=\"text-align: center;\">Willkommen MaLa\u00b4s Amal Junah Jahzahbat Ayatay<img decoding=\"async\" loading=\"lazy\" class=\"wp-image-2308 aligncenter\" src=\"https:\/\/la-montez.de\/wp-content\/uploads\/2024\/05\/Junah2M.1.jpg\" alt=\"\" width=\"513\" height=\"771\" srcset=\"https:\/\/la-montez.de\/wp-content\/uploads\/2024\/05\/Junah2M.1.jpg 998w, https:\/\/la-montez.de\/wp-content\/uploads\/2024\/05\/Junah2M.1-200x300.jpg 200w, https:\/\/la-montez.de\/wp-content\/uploads\/2024\/05\/Junah2M.1-466x700.jpg 466w, https:\/\/la-montez.de\/wp-content\/uploads\/2024\/05\/Junah2M.1-768x1154.jpg 768w, https:\/\/la-montez.de\/wp-content\/uploads\/2024\/05\/Junah2M.1-8x12.jpg 8w\" sizes=\"(max-width: 513px) 100vw, 513px\" \/><\/p>\n<h3><img decoding=\"async\" class=\"aligncenter\" style=\"font-size: 16px;\" src=\"http:\/\/la-montez-papillons.de\/de\/wp-content\/uploads\/2017\/06\/line.png\" \/><\/h3>","protected":false},"excerpt":{"rendered":"<p>Juni Es zerrei\u00dft einem das Herz. Ich musste meinen kleinen Jungen beerdigen. Dabei dachte ich, ich erm\u00f6gliche ihm ein sch\u00f6nes Leben. Die t\u00e4glichen streitereien mit seinem Vater waren f\u00fcr alle stressig. Nach langem suchen fand ich den passenden Pflegeplatz, ich denke die 3 Tage die er dort verbracht hat war er gl\u00fccklich. Das Ungl\u00fcck nahm &#8230; <a title=\"2024\" class=\"read-more\" href=\"https:\/\/la-montez.de\/en\/2024-2\/\" aria-label=\"More on 2024\">Read more<\/a><\/p>","protected":false},"author":1,"featured_media":0,"parent":0,"menu_order":0,"comment_status":"closed","ping_status":"closed","template":"","meta":{"_custom_body_class":"","_custom_post_class":""},"_links":{"self":[{"href":"https:\/\/la-montez.de\/en\/wp-json\/wp\/v2\/pages\/2382"}],"collection":[{"href":"https:\/\/la-montez.de\/en\/wp-json\/wp\/v2\/pages"}],"about":[{"href":"https:\/\/la-montez.de\/en\/wp-json\/wp\/v2\/types\/page"}],"author":[{"embeddable":true,"href":"https:\/\/la-montez.de\/en\/wp-json\/wp\/v2\/users\/1"}],"replies":[{"embeddable":true,"href":"https:\/\/la-montez.de\/en\/wp-json\/wp\/v2\/comments?post=2382"}],"version-history":[{"count":1,"href":"https:\/\/la-montez.de\/en\/wp-json\/wp\/v2\/pages\/2382\/revisions"}],"predecessor-version":[{"id":2383,"href":"https:\/\/la-montez.de\/en\/wp-json\/wp\/v2\/pages\/2382\/revisions\/2383"}],"wp:attachment":[{"href":"https:\/\/la-montez.de\/en\/wp-json\/wp\/v2\/media?parent=2382"}],"curies":[{"name":"wp","href":"https:\/\/api.w.org\/{rel}","templated":true}]}}